{"id":1397666,"date":"2026-09-01T15:10:39","date_gmt":"2026-09-01T13:10:39","guid":{"rendered":"https:\/\/follow.immo\/immobilien\/1792773fr-gemuetliche-und-teilsanierte-2-5-zimmer-wohnung-mit-gartensitzplatz\/"},"modified":"2026-09-03T16:44:11","modified_gmt":"2026-09-03T14:44:11","slug":"1792773fr-gemuetliche-und-teilsanierte-2-5-zimmer-wohnung-mit-gartensitzplatz","status":"publish","type":"casawp_property","link":"https:\/\/follow.immo\/fr\/immobilien\/1792773fr-gemuetliche-und-teilsanierte-2-5-zimmer-wohnung-mit-gartensitzplatz\/","title":{"rendered":"Gem\u00fctliche und teilsanierte 2,5 Zimmer Wohnung mit Gartensitzplatz"},"content":{"rendered":"<p>Die sehr gepflegte und teilsanierte 2,5 Zimmer Wohnung liegt in einem kleinen Mehrfamilienhaus mit nur drei Wohnungen am Schlossgraben in Worb.\u00a0<\/p>\n<p>Die \u00dcberbauung Stalden wurde im 1984 erstellt und ist komplett autofrei und fernab von Hektik und Verkehr. Eine ideale Wohngelegenheit mit viel Privatsph\u00e4re f\u00fcr Ruhesuchende.<\/p>\n<p>Die Lage ist wegen der N\u00e4he zum Bahnhof, den Einkaufsm\u00f6glichkeiten sowie dem Dienstleistungsangebot auch bei Pendlern sehr beliebt. Das Dorfzentrum von Worb ist in wenigen Gehminuten erreichbar.<\/p>\n<p>Die Wohnung hat eine Nettowohnfl\u00e4che von 57 m2, die halboffene Raumaufteilung mit eingebauter Garderobe und Einbauschr\u00e4nken eignet sich idealerweise f\u00fcr ein bis max. zwei Personen und pr\u00e4sentiert sich, einfach, zweckm\u00e4ssig mit einem normalen Ausbaustandart.<\/p>\n<p>Im Fr\u00fchling 2026 wurde die Wohnung komplett neu gestrichen. K\u00fcchenger\u00e4te wie K\u00fchlschrank, Backofen und Glaskeramikkochfeld wurden ersetzt. Der Holzparkett wurde vor einiger Zeit erneuert und die Storen<br \/>sind elektronisch verstellbar. Das Badezimmer pr\u00e4sentiert sich im klassischen Retrolook, mit Badewanne und Einbauschrank.<\/p>\n<p>Folgende Sonderfaktoren bieten mehr Wohnkomfort: Bodenheizung, Terrasse mit Gestaltungsm\u00f6glichkeit, elektrische Storen. Der\u00a0Zustand ist gepflegt.<\/p>\n<p>Zu der Wohnung gibt es einen Nebenraum (Keller) im Untergeschoss mit Stromanschluss. Die Waschk\u00fcche wird mit den beiden anderen Parteien geteilt.\u00a0<\/p>\n<p>Es kann ein Einstellhallenplatz f\u00fcr CHF 100..- Monat dazu gemietet werden. Die Einstellhalle sowie ein abschliessbarer Fahrradraum befindet sich im Untergeschoss der Siedlung.<\/p>\n<p>Worb liegt im Bezirk Bern-Mittelland, im Kanton Bern. Die Bev\u00f6lkerung in der politischen Gemeinde Worb hat sich in den letzten f\u00fcnf Jahren um durchschnittlich +0.2% pro Jahr auf 11&rsquo;595 Einwohner ver\u00e4ndert (Stand 31. Dez. 2024). Die Steuerbelastung liegt bei 15.0% (Kanton: 15.0%). F\u00fcr die letzten f\u00fcnf Jahre weist die Gemeinde im Durchschnitt eine j\u00e4hrliche Wohnbaut\u00e4tigkeit von 0.5% auf, w\u00e4hrend die Leerwohnungsziffer aktuell 0.3% betr\u00e4gt (Stand 1. Jun. 2025). Die Immobilienpreise haben sich in den letzten f\u00fcnf Jahren um +20.6% ver\u00e4ndert (Kanton: +16.5%).<\/p>\n<p>Sehr gerne steht Ihnen Rolf Allimann von Follow Immobilen f\u00fcr Fragen, Informationen oder eine Besichtigung zur Verf\u00fcgung.<\/p>\n<p>F\u00fcr einen Besichtigungstermin f\u00fcllen Sie bitte das Kontaktformular aus.<\/p>\n","protected":false},"excerpt":{"rendered":"<p>Die sehr gepflegte und teilsanierte 2,5 Zimmer Wohnung liegt in einem kleinen Mehrfamilienhaus mit nur drei Wohnungen am Schlossgraben in Worb.\u00a0 Die \u00dcberbauung Stalden wurde im 1984 erstellt und ist komplett autofrei und fernab von Hektik und Verkehr. Eine ideale Wohngelegenheit mit viel Privatsph\u00e4re f\u00fcr Ruhesuchende. Die Lage ist wegen der N\u00e4he zum Bahnhof, den [&hellip;]<\/p>\n","protected":false},"author":0,"featured_media":1397669,"parent":0,"menu_order":180,"comment_status":"closed","ping_status":"closed","template":"","meta":{"_acf_changed":false,"inline_featured_image":false,"footnotes":""},"casawp_category":[177],"casawp_feature":[17,219,59,60,16,77,230,90,82,83],"casawp_utility":[20],"casawp_location":[27,21,418],"casawp_salestype":[33],"casawp_availability":[12],"casawp_region":[],"class_list":["post-1397666","casawp_property","type-casawp_property","status-publish","has-post-thumbnail","hentry","casawp_category-garden-apartment","casawp_feature-has-parking","casawp_feature-has-remote-viewings","casawp_feature-has-tumbler","casawp_feature-has-washing-machine","casawp_feature-is-child-friendly","casawp_feature-is-ground-floor","casawp_feature-is-non-smoking","casawp_feature-is-quiet","casawp_feature-is-sunny","casawp_feature-is-well-tended","casawp_utility-residential","casawp_location-region_be","casawp_location-country_ch","casawp_location-locality_worb","casawp_salestype-rent","casawp_availability-active"],"acf":[],"yoast_head":"<!-- This site is optimized with the Yoast SEO plugin v28.4 - https:\/\/yoast.com\/product\/yoast-seo-wordpress\/ -->\n<title>Gem\u00fctliche und teilsanierte 2,5 Zimmer Wohnung mit Gartensitzplatz - Follow Immobilien<\/title>\n<meta name=\"robots\" content=\"index, follow, max-snippet:-1, max-image-preview:large, max-video-preview:-1\" \/>\n<link rel=\"canonical\" href=\"https:\/\/follow.immo\/fr\/immobilien\/1792773fr-gemuetliche-und-teilsanierte-2-5-zimmer-wohnung-mit-gartensitzplatz\/\" \/>\n<meta property=\"og:locale\" content=\"fr_FR\" \/>\n<meta property=\"og:type\" content=\"article\" \/>\n<meta property=\"og:title\" content=\"Gem\u00fctliche und teilsanierte 2,5 Zimmer Wohnung mit Gartensitzplatz - Follow Immobilien\" \/>\n<meta property=\"og:description\" content=\"Die sehr gepflegte und teilsanierte 2,5 Zimmer Wohnung liegt in einem kleinen Mehrfamilienhaus mit nur drei Wohnungen am Schlossgraben in Worb.\u00a0 Die \u00dcberbauung Stalden wurde im 1984 erstellt und ist komplett autofrei und fernab von Hektik und Verkehr. Eine ideale Wohngelegenheit mit viel Privatsph\u00e4re f\u00fcr Ruhesuchende. Die Lage ist wegen der N\u00e4he zum Bahnhof, den [&hellip;]\" \/>\n<meta property=\"og:url\" content=\"https:\/\/follow.immo\/fr\/immobilien\/1792773fr-gemuetliche-und-teilsanierte-2-5-zimmer-wohnung-mit-gartensitzplatz\/\" \/>\n<meta property=\"og:site_name\" content=\"Follow Immobilien\" \/>\n<meta property=\"article:publisher\" content=\"https:\/\/www.facebook.com\/Follow.immo\/\" \/>\n<meta property=\"article:modified_time\" content=\"2026-09-03T14:44:11+00:00\" \/>\n<meta name=\"twitter:card\" content=\"summary_large_image\" \/>\n<meta name=\"twitter:label1\" content=\"Dur\u00e9e de lecture estim\u00e9e\" \/>\n\t<meta name=\"twitter:data1\" content=\"2 minutes\" \/>\n<script type=\"application\/ld+json\" class=\"yoast-schema-graph\">{\"@context\":\"https:\\\/\\\/schema.org\",\"@graph\":[{\"@type\":\"WebPage\",\"@id\":\"https:\\\/\\\/follow.immo\\\/fr\\\/immobilien\\\/1792773fr-gemuetliche-und-teilsanierte-2-5-zimmer-wohnung-mit-gartensitzplatz\\\/\",\"url\":\"https:\\\/\\\/follow.immo\\\/fr\\\/immobilien\\\/1792773fr-gemuetliche-und-teilsanierte-2-5-zimmer-wohnung-mit-gartensitzplatz\\\/\",\"name\":\"Gem\u00fctliche und teilsanierte 2,5 Zimmer Wohnung mit Gartensitzplatz - Follow Immobilien\",\"isPartOf\":{\"@id\":\"https:\\\/\\\/follow.immo\\\/fr\\\/#website\"},\"primaryImageOfPage\":{\"@id\":\"https:\\\/\\\/follow.immo\\\/fr\\\/immobilien\\\/1792773fr-gemuetliche-und-teilsanierte-2-5-zimmer-wohnung-mit-gartensitzplatz\\\/#primaryimage\"},\"image\":{\"@id\":\"https:\\\/\\\/follow.immo\\\/fr\\\/immobilien\\\/1792773fr-gemuetliche-und-teilsanierte-2-5-zimmer-wohnung-mit-gartensitzplatz\\\/#primaryimage\"},\"thumbnailUrl\":\"https:\\\/\\\/cdn.casasoft.com\\\/media\\\/provider-8556\\\/property-1792582\\\/bd11b6c48c7dedfb6c8cf02fd9546806.jpeg?p=xl\",\"datePublished\":\"2026-09-01T13:10:39+00:00\",\"dateModified\":\"2026-09-03T14:44:11+00:00\",\"breadcrumb\":{\"@id\":\"https:\\\/\\\/follow.immo\\\/fr\\\/immobilien\\\/1792773fr-gemuetliche-und-teilsanierte-2-5-zimmer-wohnung-mit-gartensitzplatz\\\/#breadcrumb\"},\"inLanguage\":\"fr-FR\",\"potentialAction\":[{\"@type\":\"ReadAction\",\"target\":[\"https:\\\/\\\/follow.immo\\\/fr\\\/immobilien\\\/1792773fr-gemuetliche-und-teilsanierte-2-5-zimmer-wohnung-mit-gartensitzplatz\\\/\"]}]},{\"@type\":\"ImageObject\",\"inLanguage\":\"fr-FR\",\"@id\":\"https:\\\/\\\/follow.immo\\\/fr\\\/immobilien\\\/1792773fr-gemuetliche-und-teilsanierte-2-5-zimmer-wohnung-mit-gartensitzplatz\\\/#primaryimage\",\"url\":\"https:\\\/\\\/cdn.casasoft.com\\\/media\\\/provider-8556\\\/property-1792582\\\/bd11b6c48c7dedfb6c8cf02fd9546806.jpeg?p=xl\",\"contentUrl\":\"https:\\\/\\\/cdn.casasoft.com\\\/media\\\/provider-8556\\\/property-1792582\\\/bd11b6c48c7dedfb6c8cf02fd9546806.jpeg?p=xl\"},{\"@type\":\"BreadcrumbList\",\"@id\":\"https:\\\/\\\/follow.immo\\\/fr\\\/immobilien\\\/1792773fr-gemuetliche-und-teilsanierte-2-5-zimmer-wohnung-mit-gartensitzplatz\\\/#breadcrumb\",\"itemListElement\":[{\"@type\":\"ListItem\",\"position\":1,\"name\":\"Startseite\",\"item\":\"https:\\\/\\\/follow.immo\\\/fr\\\/\"},{\"@type\":\"ListItem\",\"position\":2,\"name\":\"Immobilien\",\"item\":\"https:\\\/\\\/follow.immo\\\/immobilien\\\/\"},{\"@type\":\"ListItem\",\"position\":3,\"name\":\"Gem\u00fctliche und teilsanierte 2,5 Zimmer Wohnung mit Gartensitzplatz\"}]},{\"@type\":\"WebSite\",\"@id\":\"https:\\\/\\\/follow.immo\\\/fr\\\/#website\",\"url\":\"https:\\\/\\\/follow.immo\\\/fr\\\/\",\"name\":\"Follow Immobilien\",\"description\":\"\",\"publisher\":{\"@id\":\"https:\\\/\\\/follow.immo\\\/fr\\\/#organization\"},\"potentialAction\":[{\"@type\":\"SearchAction\",\"target\":{\"@type\":\"EntryPoint\",\"urlTemplate\":\"https:\\\/\\\/follow.immo\\\/fr\\\/?s={search_term_string}\"},\"query-input\":{\"@type\":\"PropertyValueSpecification\",\"valueRequired\":true,\"valueName\":\"search_term_string\"}}],\"inLanguage\":\"fr-FR\"},{\"@type\":\"Organization\",\"@id\":\"https:\\\/\\\/follow.immo\\\/fr\\\/#organization\",\"name\":\"Follow Immobilien\",\"url\":\"https:\\\/\\\/follow.immo\\\/fr\\\/\",\"logo\":{\"@type\":\"ImageObject\",\"inLanguage\":\"fr-FR\",\"@id\":\"https:\\\/\\\/follow.immo\\\/fr\\\/#\\\/schema\\\/logo\\\/image\\\/\",\"url\":\"https:\\\/\\\/follow.immo\\\/wp-content\\\/uploads\\\/sites\\\/140\\\/2019\\\/02\\\/RZ_FOLLOW_LOGO_FINAL-1.svg\",\"contentUrl\":\"https:\\\/\\\/follow.immo\\\/wp-content\\\/uploads\\\/sites\\\/140\\\/2019\\\/02\\\/RZ_FOLLOW_LOGO_FINAL-1.svg\",\"width\":1,\"height\":1,\"caption\":\"Follow Immobilien\"},\"image\":{\"@id\":\"https:\\\/\\\/follow.immo\\\/fr\\\/#\\\/schema\\\/logo\\\/image\\\/\"},\"sameAs\":[\"https:\\\/\\\/www.facebook.com\\\/Follow.immo\\\/\",\"https:\\\/\\\/www.instagram.com\\\/follow_immobilien\",\"https:\\\/\\\/www.linkedin.com\\\/in\\\/follow-immobilien-gmbh-bb436418b\"]}]}<\/script>\n<!-- \/ Yoast SEO plugin. -->","yoast_head_json":{"title":"Gem\u00fctliche und teilsanierte 2,5 Zimmer Wohnung mit Gartensitzplatz - Follow Immobilien","robots":{"index":"index","follow":"follow","max-snippet":"max-snippet:-1","max-image-preview":"max-image-preview:large","max-video-preview":"max-video-preview:-1"},"canonical":"https:\/\/follow.immo\/fr\/immobilien\/1792773fr-gemuetliche-und-teilsanierte-2-5-zimmer-wohnung-mit-gartensitzplatz\/","og_locale":"fr_FR","og_type":"article","og_title":"Gem\u00fctliche und teilsanierte 2,5 Zimmer Wohnung mit Gartensitzplatz - Follow Immobilien","og_description":"Die sehr gepflegte und teilsanierte 2,5 Zimmer Wohnung liegt in einem kleinen Mehrfamilienhaus mit nur drei Wohnungen am Schlossgraben in Worb.\u00a0 Die \u00dcberbauung Stalden wurde im 1984 erstellt und ist komplett autofrei und fernab von Hektik und Verkehr. Eine ideale Wohngelegenheit mit viel Privatsph\u00e4re f\u00fcr Ruhesuchende. Die Lage ist wegen der N\u00e4he zum Bahnhof, den [&hellip;]","og_url":"https:\/\/follow.immo\/fr\/immobilien\/1792773fr-gemuetliche-und-teilsanierte-2-5-zimmer-wohnung-mit-gartensitzplatz\/","og_site_name":"Follow Immobilien","article_publisher":"https:\/\/www.facebook.com\/Follow.immo\/","article_modified_time":"2026-09-03T14:44:11+00:00","twitter_card":"summary_large_image","twitter_misc":{"Dur\u00e9e de lecture estim\u00e9e":"2 minutes"},"schema":{"@context":"https:\/\/schema.org","@graph":[{"@type":"WebPage","@id":"https:\/\/follow.immo\/fr\/immobilien\/1792773fr-gemuetliche-und-teilsanierte-2-5-zimmer-wohnung-mit-gartensitzplatz\/","url":"https:\/\/follow.immo\/fr\/immobilien\/1792773fr-gemuetliche-und-teilsanierte-2-5-zimmer-wohnung-mit-gartensitzplatz\/","name":"Gem\u00fctliche und teilsanierte 2,5 Zimmer Wohnung mit Gartensitzplatz - Follow Immobilien","isPartOf":{"@id":"https:\/\/follow.immo\/fr\/#website"},"primaryImageOfPage":{"@id":"https:\/\/follow.immo\/fr\/immobilien\/1792773fr-gemuetliche-und-teilsanierte-2-5-zimmer-wohnung-mit-gartensitzplatz\/#primaryimage"},"image":{"@id":"https:\/\/follow.immo\/fr\/immobilien\/1792773fr-gemuetliche-und-teilsanierte-2-5-zimmer-wohnung-mit-gartensitzplatz\/#primaryimage"},"thumbnailUrl":"https:\/\/cdn.casasoft.com\/media\/provider-8556\/property-1792582\/bd11b6c48c7dedfb6c8cf02fd9546806.jpeg?p=xl","datePublished":"2026-09-01T13:10:39+00:00","dateModified":"2026-09-03T14:44:11+00:00","breadcrumb":{"@id":"https:\/\/follow.immo\/fr\/immobilien\/1792773fr-gemuetliche-und-teilsanierte-2-5-zimmer-wohnung-mit-gartensitzplatz\/#breadcrumb"},"inLanguage":"fr-FR","potentialAction":[{"@type":"ReadAction","target":["https:\/\/follow.immo\/fr\/immobilien\/1792773fr-gemuetliche-und-teilsanierte-2-5-zimmer-wohnung-mit-gartensitzplatz\/"]}]},{"@type":"ImageObject","inLanguage":"fr-FR","@id":"https:\/\/follow.immo\/fr\/immobilien\/1792773fr-gemuetliche-und-teilsanierte-2-5-zimmer-wohnung-mit-gartensitzplatz\/#primaryimage","url":"https:\/\/cdn.casasoft.com\/media\/provider-8556\/property-1792582\/bd11b6c48c7dedfb6c8cf02fd9546806.jpeg?p=xl","contentUrl":"https:\/\/cdn.casasoft.com\/media\/provider-8556\/property-1792582\/bd11b6c48c7dedfb6c8cf02fd9546806.jpeg?p=xl"},{"@type":"BreadcrumbList","@id":"https:\/\/follow.immo\/fr\/immobilien\/1792773fr-gemuetliche-und-teilsanierte-2-5-zimmer-wohnung-mit-gartensitzplatz\/#breadcrumb","itemListElement":[{"@type":"ListItem","position":1,"name":"Startseite","item":"https:\/\/follow.immo\/fr\/"},{"@type":"ListItem","position":2,"name":"Immobilien","item":"https:\/\/follow.immo\/immobilien\/"},{"@type":"ListItem","position":3,"name":"Gem\u00fctliche und teilsanierte 2,5 Zimmer Wohnung mit Gartensitzplatz"}]},{"@type":"WebSite","@id":"https:\/\/follow.immo\/fr\/#website","url":"https:\/\/follow.immo\/fr\/","name":"Follow Immobilien","description":"","publisher":{"@id":"https:\/\/follow.immo\/fr\/#organization"},"potentialAction":[{"@type":"SearchAction","target":{"@type":"EntryPoint","urlTemplate":"https:\/\/follow.immo\/fr\/?s={search_term_string}"},"query-input":{"@type":"PropertyValueSpecification","valueRequired":true,"valueName":"search_term_string"}}],"inLanguage":"fr-FR"},{"@type":"Organization","@id":"https:\/\/follow.immo\/fr\/#organization","name":"Follow Immobilien","url":"https:\/\/follow.immo\/fr\/","logo":{"@type":"ImageObject","inLanguage":"fr-FR","@id":"https:\/\/follow.immo\/fr\/#\/schema\/logo\/image\/","url":"https:\/\/follow.immo\/wp-content\/uploads\/sites\/140\/2019\/02\/RZ_FOLLOW_LOGO_FINAL-1.svg","contentUrl":"https:\/\/follow.immo\/wp-content\/uploads\/sites\/140\/2019\/02\/RZ_FOLLOW_LOGO_FINAL-1.svg","width":1,"height":1,"caption":"Follow Immobilien"},"image":{"@id":"https:\/\/follow.immo\/fr\/#\/schema\/logo\/image\/"},"sameAs":["https:\/\/www.facebook.com\/Follow.immo\/","https:\/\/www.instagram.com\/follow_immobilien","https:\/\/www.linkedin.com\/in\/follow-immobilien-gmbh-bb436418b"]}]}},"_links":{"self":[{"href":"https:\/\/follow.immo\/fr\/wp-json\/wp\/v2\/casawp_property\/1397666","targetHints":{"allow":["GET"]}}],"collection":[{"href":"https:\/\/follow.immo\/fr\/wp-json\/wp\/v2\/casawp_property"}],"about":[{"href":"https:\/\/follow.immo\/fr\/wp-json\/wp\/v2\/types\/casawp_property"}],"replies":[{"embeddable":true,"href":"https:\/\/follow.immo\/fr\/wp-json\/wp\/v2\/comments?post=1397666"}],"version-history":[{"count":2,"href":"https:\/\/follow.immo\/fr\/wp-json\/wp\/v2\/casawp_property\/1397666\/revisions"}],"predecessor-version":[{"id":1397668,"href":"https:\/\/follow.immo\/fr\/wp-json\/wp\/v2\/casawp_property\/1397666\/revisions\/1397668"}],"wp:featuredmedia":[{"embeddable":true,"href":"https:\/\/follow.immo\/fr\/wp-json\/wp\/v2\/media\/1397669"}],"wp:attachment":[{"href":"https:\/\/follow.immo\/fr\/wp-json\/wp\/v2\/media?parent=1397666"}],"wp:term":[{"taxonomy":"casawp_category","embeddable":true,"href":"https:\/\/follow.immo\/fr\/wp-json\/wp\/v2\/casawp_category?post=1397666"},{"taxonomy":"casawp_feature","embeddable":true,"href":"https:\/\/follow.immo\/fr\/wp-json\/wp\/v2\/casawp_feature?post=1397666"},{"taxonomy":"casawp_utility","embeddable":true,"href":"https:\/\/follow.immo\/fr\/wp-json\/wp\/v2\/casawp_utility?post=1397666"},{"taxonomy":"casawp_location","embeddable":true,"href":"https:\/\/follow.immo\/fr\/wp-json\/wp\/v2\/casawp_location?post=1397666"},{"taxonomy":"casawp_salestype","embeddable":true,"href":"https:\/\/follow.immo\/fr\/wp-json\/wp\/v2\/casawp_salestype?post=1397666"},{"taxonomy":"casawp_availability","embeddable":true,"href":"https:\/\/follow.immo\/fr\/wp-json\/wp\/v2\/casawp_availability?post=1397666"},{"taxonomy":"casawp_region","embeddable":true,"href":"https:\/\/follow.immo\/fr\/wp-json\/wp\/v2\/casawp_region?post=1397666"}],"curies":[{"name":"wp","href":"https:\/\/api.w.org\/{rel}","templated":true}]}}