{"id":1387901,"date":"2023-01-23T15:41:31","date_gmt":"2023-01-23T14:41:31","guid":{"rendered":"https:\/\/follow.immo\/immobilien\/1191441fr-appartement-mansarde-de-45-pieces-avec-balcon-et-galerie\/"},"modified":"2026-09-05T08:48:23","modified_gmt":"2026-09-05T06:48:23","slug":"1191441fr-appartement-mansarde-de-45-pieces-avec-balcon-et-galerie","status":"publish","type":"casawp_property","link":"https:\/\/follow.immo\/fr\/immobilien\/1191441fr-appartement-mansarde-de-45-pieces-avec-balcon-et-galerie\/","title":{"rendered":"Appartement mansard\u00e9 de 4.5 pi\u00e8ces avec balcon et galerie"},"content":{"rendered":"<p>Nous louons imm\u00e9diatement ou sur demande un bel appartement mansard\u00e9 de 4,5 pi\u00e8ces avec balcon et une galerie.\u00a0<\/p>\n<p>L&rsquo;appartement mansard\u00e9 confortable et lumineux est situ\u00e9 sur la route du Lac Noir.<\/p>\n<p>L&rsquo;appartement dispose des pi\u00e8ces suivantes :<\/p>\n<ul>\n<li>Grand salon et salle \u00e0 manger avec po\u00eale su\u00e9dois et acc\u00e8s au balcon<\/li>\n<li>Cuisine ouverte avec un bar<\/li>\n<li>Trois chambres avec chacune un acc\u00e8s au balcon\u00a0<\/li>\n<li>Une mezzanine avec espace de rangement<\/li>\n<li>Salle de bain avec baignoire, douche, lavabo et toilettes\u00a0<\/li>\n<\/ul>\n<p>Les charges sont incluses dans le loyer (sauf l&rsquo;\u00e9lectricit\u00e9).<\/p>\n<p>L&rsquo;appartement inclut deux places de parking ext\u00e9rieures. Un garage ferm\u00e9 peut \u00eatre lou\u00e9 pour 100 euros par mois.<\/p>\n<p>Vous \u00eates curieux?<\/p>\n<p>Pour toute question ou pour une visite, Nathalie Jendly se tient \u00e0 votre disposition.<\/p>\n","protected":false},"excerpt":{"rendered":"<p>Nous louons imm\u00e9diatement ou sur demande un bel appartement mansard\u00e9 de 4,5 pi\u00e8ces avec balcon et une galerie.\u00a0 L&rsquo;appartement mansard\u00e9 confortable et lumineux est situ\u00e9 sur la route du Lac Noir. L&rsquo;appartement dispose des pi\u00e8ces suivantes : Grand salon et salle \u00e0 manger avec po\u00eale su\u00e9dois et acc\u00e8s au balcon Cuisine ouverte avec un bar [&hellip;]<\/p>\n","protected":false},"author":0,"featured_media":1387902,"parent":0,"menu_order":431,"comment_status":"closed","ping_status":"closed","template":"","meta":{"_acf_changed":false,"inline_featured_image":false,"footnotes":""},"casawp_category":[115],"casawp_feature":[37,18,56,17,82],"casawp_utility":[20],"casawp_location":[21,22,88],"casawp_salestype":[33],"casawp_availability":[12],"casawp_region":[],"class_list":["post-1387901","casawp_property","type-casawp_property","status-publish","has-post-thumbnail","hentry","casawp_category-roof-flat","casawp_feature-has-balcony","casawp_feature-has-garage","casawp_feature-has-mountain-view","casawp_feature-has-parking","casawp_feature-is-sunny","casawp_utility-residential","casawp_location-country_ch","casawp_location-region_fr","casawp_location-locality_schwarzsee","casawp_salestype-rent","casawp_availability-active"],"acf":[],"yoast_head":"<!-- This site is optimized with the Yoast SEO plugin v28.4 - https:\/\/yoast.com\/product\/yoast-seo-wordpress\/ -->\n<title>Appartement mansard\u00e9 de 4.5 pi\u00e8ces avec balcon et galerie - Follow Immobilien<\/title>\n<meta name=\"robots\" content=\"index, follow, max-snippet:-1, max-image-preview:large, max-video-preview:-1\" \/>\n<link rel=\"canonical\" href=\"https:\/\/follow.immo\/fr\/immobilien\/1191441fr-appartement-mansarde-de-45-pieces-avec-balcon-et-galerie\/\" \/>\n<meta property=\"og:locale\" content=\"fr_FR\" \/>\n<meta property=\"og:type\" content=\"article\" \/>\n<meta property=\"og:title\" content=\"Appartement mansard\u00e9 de 4.5 pi\u00e8ces avec balcon et galerie - Follow Immobilien\" \/>\n<meta property=\"og:description\" content=\"Nous louons imm\u00e9diatement ou sur demande un bel appartement mansard\u00e9 de 4,5 pi\u00e8ces avec balcon et une galerie.\u00a0 L&rsquo;appartement mansard\u00e9 confortable et lumineux est situ\u00e9 sur la route du Lac Noir. L&rsquo;appartement dispose des pi\u00e8ces suivantes : Grand salon et salle \u00e0 manger avec po\u00eale su\u00e9dois et acc\u00e8s au balcon Cuisine ouverte avec un bar [&hellip;]\" \/>\n<meta property=\"og:url\" content=\"https:\/\/follow.immo\/fr\/immobilien\/1191441fr-appartement-mansarde-de-45-pieces-avec-balcon-et-galerie\/\" \/>\n<meta property=\"og:site_name\" content=\"Follow Immobilien\" \/>\n<meta property=\"article:publisher\" content=\"https:\/\/www.facebook.com\/Follow.immo\/\" \/>\n<meta property=\"article:modified_time\" content=\"2026-09-05T06:48:23+00:00\" \/>\n<meta name=\"twitter:card\" content=\"summary_large_image\" \/>\n<meta name=\"twitter:label1\" content=\"Dur\u00e9e de lecture estim\u00e9e\" \/>\n\t<meta name=\"twitter:data1\" content=\"1 minute\" \/>\n<script type=\"application\/ld+json\" class=\"yoast-schema-graph\">{\"@context\":\"https:\\\/\\\/schema.org\",\"@graph\":[{\"@type\":\"WebPage\",\"@id\":\"https:\\\/\\\/follow.immo\\\/fr\\\/immobilien\\\/1191441fr-appartement-mansarde-de-45-pieces-avec-balcon-et-galerie\\\/\",\"url\":\"https:\\\/\\\/follow.immo\\\/fr\\\/immobilien\\\/1191441fr-appartement-mansarde-de-45-pieces-avec-balcon-et-galerie\\\/\",\"name\":\"Appartement mansard\u00e9 de 4.5 pi\u00e8ces avec balcon et galerie - Follow Immobilien\",\"isPartOf\":{\"@id\":\"https:\\\/\\\/follow.immo\\\/fr\\\/#website\"},\"primaryImageOfPage\":{\"@id\":\"https:\\\/\\\/follow.immo\\\/fr\\\/immobilien\\\/1191441fr-appartement-mansarde-de-45-pieces-avec-balcon-et-galerie\\\/#primaryimage\"},\"image\":{\"@id\":\"https:\\\/\\\/follow.immo\\\/fr\\\/immobilien\\\/1191441fr-appartement-mansarde-de-45-pieces-avec-balcon-et-galerie\\\/#primaryimage\"},\"thumbnailUrl\":\"https:\\\/\\\/cdn.casasoft.com\\\/media\\\/provider-8556\\\/property-1174722\\\/f882791c3ea7471c89405bc9e08a651f.jpeg?p=xl\",\"datePublished\":\"2023-01-23T14:41:31+00:00\",\"dateModified\":\"2026-09-05T06:48:23+00:00\",\"breadcrumb\":{\"@id\":\"https:\\\/\\\/follow.immo\\\/fr\\\/immobilien\\\/1191441fr-appartement-mansarde-de-45-pieces-avec-balcon-et-galerie\\\/#breadcrumb\"},\"inLanguage\":\"fr-FR\",\"potentialAction\":[{\"@type\":\"ReadAction\",\"target\":[\"https:\\\/\\\/follow.immo\\\/fr\\\/immobilien\\\/1191441fr-appartement-mansarde-de-45-pieces-avec-balcon-et-galerie\\\/\"]}]},{\"@type\":\"ImageObject\",\"inLanguage\":\"fr-FR\",\"@id\":\"https:\\\/\\\/follow.immo\\\/fr\\\/immobilien\\\/1191441fr-appartement-mansarde-de-45-pieces-avec-balcon-et-galerie\\\/#primaryimage\",\"url\":\"https:\\\/\\\/cdn.casasoft.com\\\/media\\\/provider-8556\\\/property-1174722\\\/f882791c3ea7471c89405bc9e08a651f.jpeg?p=xl\",\"contentUrl\":\"https:\\\/\\\/cdn.casasoft.com\\\/media\\\/provider-8556\\\/property-1174722\\\/f882791c3ea7471c89405bc9e08a651f.jpeg?p=xl\"},{\"@type\":\"BreadcrumbList\",\"@id\":\"https:\\\/\\\/follow.immo\\\/fr\\\/immobilien\\\/1191441fr-appartement-mansarde-de-45-pieces-avec-balcon-et-galerie\\\/#breadcrumb\",\"itemListElement\":[{\"@type\":\"ListItem\",\"position\":1,\"name\":\"Startseite\",\"item\":\"https:\\\/\\\/follow.immo\\\/fr\\\/\"},{\"@type\":\"ListItem\",\"position\":2,\"name\":\"Immobilien\",\"item\":\"https:\\\/\\\/follow.immo\\\/immobilien\\\/\"},{\"@type\":\"ListItem\",\"position\":3,\"name\":\"Appartement mansard\u00e9 de 4.5 pi\u00e8ces avec balcon et galerie\"}]},{\"@type\":\"WebSite\",\"@id\":\"https:\\\/\\\/follow.immo\\\/fr\\\/#website\",\"url\":\"https:\\\/\\\/follow.immo\\\/fr\\\/\",\"name\":\"Follow Immobilien\",\"description\":\"\",\"publisher\":{\"@id\":\"https:\\\/\\\/follow.immo\\\/fr\\\/#organization\"},\"potentialAction\":[{\"@type\":\"SearchAction\",\"target\":{\"@type\":\"EntryPoint\",\"urlTemplate\":\"https:\\\/\\\/follow.immo\\\/fr\\\/?s={search_term_string}\"},\"query-input\":{\"@type\":\"PropertyValueSpecification\",\"valueRequired\":true,\"valueName\":\"search_term_string\"}}],\"inLanguage\":\"fr-FR\"},{\"@type\":\"Organization\",\"@id\":\"https:\\\/\\\/follow.immo\\\/fr\\\/#organization\",\"name\":\"Follow Immobilien\",\"url\":\"https:\\\/\\\/follow.immo\\\/fr\\\/\",\"logo\":{\"@type\":\"ImageObject\",\"inLanguage\":\"fr-FR\",\"@id\":\"https:\\\/\\\/follow.immo\\\/fr\\\/#\\\/schema\\\/logo\\\/image\\\/\",\"url\":\"https:\\\/\\\/follow.immo\\\/wp-content\\\/uploads\\\/sites\\\/140\\\/2019\\\/02\\\/RZ_FOLLOW_LOGO_FINAL-1.svg\",\"contentUrl\":\"https:\\\/\\\/follow.immo\\\/wp-content\\\/uploads\\\/sites\\\/140\\\/2019\\\/02\\\/RZ_FOLLOW_LOGO_FINAL-1.svg\",\"width\":1,\"height\":1,\"caption\":\"Follow Immobilien\"},\"image\":{\"@id\":\"https:\\\/\\\/follow.immo\\\/fr\\\/#\\\/schema\\\/logo\\\/image\\\/\"},\"sameAs\":[\"https:\\\/\\\/www.facebook.com\\\/Follow.immo\\\/\",\"https:\\\/\\\/www.instagram.com\\\/follow_immobilien\",\"https:\\\/\\\/www.linkedin.com\\\/in\\\/follow-immobilien-gmbh-bb436418b\"]}]}<\/script>\n<!-- \/ Yoast SEO plugin. -->","yoast_head_json":{"title":"Appartement mansard\u00e9 de 4.5 pi\u00e8ces avec balcon et galerie - Follow Immobilien","robots":{"index":"index","follow":"follow","max-snippet":"max-snippet:-1","max-image-preview":"max-image-preview:large","max-video-preview":"max-video-preview:-1"},"canonical":"https:\/\/follow.immo\/fr\/immobilien\/1191441fr-appartement-mansarde-de-45-pieces-avec-balcon-et-galerie\/","og_locale":"fr_FR","og_type":"article","og_title":"Appartement mansard\u00e9 de 4.5 pi\u00e8ces avec balcon et galerie - Follow Immobilien","og_description":"Nous louons imm\u00e9diatement ou sur demande un bel appartement mansard\u00e9 de 4,5 pi\u00e8ces avec balcon et une galerie.\u00a0 L&rsquo;appartement mansard\u00e9 confortable et lumineux est situ\u00e9 sur la route du Lac Noir. L&rsquo;appartement dispose des pi\u00e8ces suivantes : Grand salon et salle \u00e0 manger avec po\u00eale su\u00e9dois et acc\u00e8s au balcon Cuisine ouverte avec un bar [&hellip;]","og_url":"https:\/\/follow.immo\/fr\/immobilien\/1191441fr-appartement-mansarde-de-45-pieces-avec-balcon-et-galerie\/","og_site_name":"Follow Immobilien","article_publisher":"https:\/\/www.facebook.com\/Follow.immo\/","article_modified_time":"2026-09-05T06:48:23+00:00","twitter_card":"summary_large_image","twitter_misc":{"Dur\u00e9e de lecture estim\u00e9e":"1 minute"},"schema":{"@context":"https:\/\/schema.org","@graph":[{"@type":"WebPage","@id":"https:\/\/follow.immo\/fr\/immobilien\/1191441fr-appartement-mansarde-de-45-pieces-avec-balcon-et-galerie\/","url":"https:\/\/follow.immo\/fr\/immobilien\/1191441fr-appartement-mansarde-de-45-pieces-avec-balcon-et-galerie\/","name":"Appartement mansard\u00e9 de 4.5 pi\u00e8ces avec balcon et galerie - Follow Immobilien","isPartOf":{"@id":"https:\/\/follow.immo\/fr\/#website"},"primaryImageOfPage":{"@id":"https:\/\/follow.immo\/fr\/immobilien\/1191441fr-appartement-mansarde-de-45-pieces-avec-balcon-et-galerie\/#primaryimage"},"image":{"@id":"https:\/\/follow.immo\/fr\/immobilien\/1191441fr-appartement-mansarde-de-45-pieces-avec-balcon-et-galerie\/#primaryimage"},"thumbnailUrl":"https:\/\/cdn.casasoft.com\/media\/provider-8556\/property-1174722\/f882791c3ea7471c89405bc9e08a651f.jpeg?p=xl","datePublished":"2023-01-23T14:41:31+00:00","dateModified":"2026-09-05T06:48:23+00:00","breadcrumb":{"@id":"https:\/\/follow.immo\/fr\/immobilien\/1191441fr-appartement-mansarde-de-45-pieces-avec-balcon-et-galerie\/#breadcrumb"},"inLanguage":"fr-FR","potentialAction":[{"@type":"ReadAction","target":["https:\/\/follow.immo\/fr\/immobilien\/1191441fr-appartement-mansarde-de-45-pieces-avec-balcon-et-galerie\/"]}]},{"@type":"ImageObject","inLanguage":"fr-FR","@id":"https:\/\/follow.immo\/fr\/immobilien\/1191441fr-appartement-mansarde-de-45-pieces-avec-balcon-et-galerie\/#primaryimage","url":"https:\/\/cdn.casasoft.com\/media\/provider-8556\/property-1174722\/f882791c3ea7471c89405bc9e08a651f.jpeg?p=xl","contentUrl":"https:\/\/cdn.casasoft.com\/media\/provider-8556\/property-1174722\/f882791c3ea7471c89405bc9e08a651f.jpeg?p=xl"},{"@type":"BreadcrumbList","@id":"https:\/\/follow.immo\/fr\/immobilien\/1191441fr-appartement-mansarde-de-45-pieces-avec-balcon-et-galerie\/#breadcrumb","itemListElement":[{"@type":"ListItem","position":1,"name":"Startseite","item":"https:\/\/follow.immo\/fr\/"},{"@type":"ListItem","position":2,"name":"Immobilien","item":"https:\/\/follow.immo\/immobilien\/"},{"@type":"ListItem","position":3,"name":"Appartement mansard\u00e9 de 4.5 pi\u00e8ces avec balcon et galerie"}]},{"@type":"WebSite","@id":"https:\/\/follow.immo\/fr\/#website","url":"https:\/\/follow.immo\/fr\/","name":"Follow Immobilien","description":"","publisher":{"@id":"https:\/\/follow.immo\/fr\/#organization"},"potentialAction":[{"@type":"SearchAction","target":{"@type":"EntryPoint","urlTemplate":"https:\/\/follow.immo\/fr\/?s={search_term_string}"},"query-input":{"@type":"PropertyValueSpecification","valueRequired":true,"valueName":"search_term_string"}}],"inLanguage":"fr-FR"},{"@type":"Organization","@id":"https:\/\/follow.immo\/fr\/#organization","name":"Follow Immobilien","url":"https:\/\/follow.immo\/fr\/","logo":{"@type":"ImageObject","inLanguage":"fr-FR","@id":"https:\/\/follow.immo\/fr\/#\/schema\/logo\/image\/","url":"https:\/\/follow.immo\/wp-content\/uploads\/sites\/140\/2019\/02\/RZ_FOLLOW_LOGO_FINAL-1.svg","contentUrl":"https:\/\/follow.immo\/wp-content\/uploads\/sites\/140\/2019\/02\/RZ_FOLLOW_LOGO_FINAL-1.svg","width":1,"height":1,"caption":"Follow Immobilien"},"image":{"@id":"https:\/\/follow.immo\/fr\/#\/schema\/logo\/image\/"},"sameAs":["https:\/\/www.facebook.com\/Follow.immo\/","https:\/\/www.instagram.com\/follow_immobilien","https:\/\/www.linkedin.com\/in\/follow-immobilien-gmbh-bb436418b"]}]}},"_links":{"self":[{"href":"https:\/\/follow.immo\/fr\/wp-json\/wp\/v2\/casawp_property\/1387901","targetHints":{"allow":["GET"]}}],"collection":[{"href":"https:\/\/follow.immo\/fr\/wp-json\/wp\/v2\/casawp_property"}],"about":[{"href":"https:\/\/follow.immo\/fr\/wp-json\/wp\/v2\/types\/casawp_property"}],"replies":[{"embeddable":true,"href":"https:\/\/follow.immo\/fr\/wp-json\/wp\/v2\/comments?post=1387901"}],"version-history":[{"count":2,"href":"https:\/\/follow.immo\/fr\/wp-json\/wp\/v2\/casawp_property\/1387901\/revisions"}],"predecessor-version":[{"id":1397258,"href":"https:\/\/follow.immo\/fr\/wp-json\/wp\/v2\/casawp_property\/1387901\/revisions\/1397258"}],"wp:featuredmedia":[{"embeddable":true,"href":"https:\/\/follow.immo\/fr\/wp-json\/wp\/v2\/media\/1387902"}],"wp:attachment":[{"href":"https:\/\/follow.immo\/fr\/wp-json\/wp\/v2\/media?parent=1387901"}],"wp:term":[{"taxonomy":"casawp_category","embeddable":true,"href":"https:\/\/follow.immo\/fr\/wp-json\/wp\/v2\/casawp_category?post=1387901"},{"taxonomy":"casawp_feature","embeddable":true,"href":"https:\/\/follow.immo\/fr\/wp-json\/wp\/v2\/casawp_feature?post=1387901"},{"taxonomy":"casawp_utility","embeddable":true,"href":"https:\/\/follow.immo\/fr\/wp-json\/wp\/v2\/casawp_utility?post=1387901"},{"taxonomy":"casawp_location","embeddable":true,"href":"https:\/\/follow.immo\/fr\/wp-json\/wp\/v2\/casawp_location?post=1387901"},{"taxonomy":"casawp_salestype","embeddable":true,"href":"https:\/\/follow.immo\/fr\/wp-json\/wp\/v2\/casawp_salestype?post=1387901"},{"taxonomy":"casawp_availability","embeddable":true,"href":"https:\/\/follow.immo\/fr\/wp-json\/wp\/v2\/casawp_availability?post=1387901"},{"taxonomy":"casawp_region","embeddable":true,"href":"https:\/\/follow.immo\/fr\/wp-json\/wp\/v2\/casawp_region?post=1387901"}],"curies":[{"name":"wp","href":"https:\/\/api.w.org\/{rel}","templated":true}]}}