{"id":1385433,"date":"2025-07-29T14:26:11","date_gmt":"2025-07-29T12:26:11","guid":{"rendered":"https:\/\/follow.immo\/immobilien\/1627793fr-einfamilienhaus-an-zentraler-lage-in-lengnau\/"},"modified":"2026-05-01T16:02:11","modified_gmt":"2026-05-01T14:02:11","slug":"1627793fr-einfamilienhaus-an-zentraler-lage-in-lengnau","status":"publish","type":"casawp_property","link":"https:\/\/follow.immo\/fr\/immobilien\/1627793fr-einfamilienhaus-an-zentraler-lage-in-lengnau\/","title":{"rendered":"Einfamilienhaus an zentraler Lage in Lengnau"},"content":{"rendered":"<h2>Liegenschaft an zentraler Lage mit Potenzial<\/h2>\n<p>Dieses einseitig angebaute Haus aus dem Jahr 1938 befindet sich an ruhiger, <strong>zentraler Lage<\/strong> an der K\u00e4ndlenstrasse 2 in Lengnau.<\/p>\n<p>Viele Wohntr\u00e4ume lassen sich in diesem Haus umsetzen. Ob zur <strong>Selbstnutzung, Vermietung, Generationenhaus, zum Wohnen und Arbeiten<\/strong> oder einer Kombination davon; mit dieser Liegenschaft haben Sie jederzeit alle Optionen. Die Liegenschaft \u00fcberzeugt durch ihre gepflegte Geb\u00e4udeh\u00fclle mit nachtr\u00e4glich isolierter Fassade, solider Dacheindeckung und gut unterhaltenen Fenstern &#8211; der \u00e4ussere Eindruck ist <strong>charmant und stimmig<\/strong>.<\/p>\n<p>Auch im Innern bewahrt das Haus seinen urspr\u00fcnglichen Charakter. Individuelle Raumzuschnitte erz\u00e4hlen vom Charakter der Zeit. Der Innenausbau ist insgesamt in einem funktionalen Zustand, punktuell wurden \u00fcber die Jahre Anpassungen vorgenommen. F\u00fcr zuk\u00fcnftige Bewohnerinnen und Bewohner er\u00f6ffnet sich hier die M\u00f6glichkeit, das Haus nach eigenen Vorstellungen zu modernisieren &#8211; behutsam mit dem Ziel, den Altbau-Flair zu erhalten oder als umfassende Renovation mit neuem Stil. Es besteht die <strong>M\u00f6glichkeit die Liegenschaft an das Fernw\u00e4rmenetz anzuschliessen<\/strong>.<\/p>\n<p>Die <strong>Wohnfl\u00e4che von rund 130 m\u00b2 <\/strong>verteilt sich \u00fcber zwei Etagen, erg\u00e4nzt durch einen <strong>ausbauf\u00e4higen Dachboden<\/strong> mit einer Fl\u00e4che von ca. 80 m\u00b2. Die Liegenschaft eignet sich ideal f\u00fcr Menschen, die das Besondere suchen und sich nicht vor einem Projekt scheuen.<\/p>\n<p><strong>Raumprogramm im \u00dcberblick<\/strong><\/p>\n<p><strong>Erdgeschoss:<\/strong><\/p>\n<p>Eingangsbereich\/Flur<br \/>Zwei Schlafzimmer (ca. 10 m\u00b2 und 20 m\u00b2)<br \/>K\u00fcche mit angrenzendem, offenem Esszimmer<br \/>Separate Toilette<br \/>Waschk\u00fcche mit praktischer Nutzung<\/p>\n<p><strong>Obergeschoss:<\/strong><\/p>\n<p>Drei weitere Zimmer (ca. 16 m\u00b2, 13 m\u00b2 und 14 m\u00b2)<br \/>Schmales Zimmer\/Reduit (ca. 1.25 x 4.32 m), ideal als B\u00fcro, Bibliothek oder Stauraum<br \/>Badezimmer mit Badewanne<\/p>\n<p><strong>Dachgeschoss:<\/strong><\/p>\n<p>Grossz\u00fcgiger Estrich mit hoher Decke &#8211; bietet viel Potenzial f\u00fcr zus\u00e4tzlichen Wohnraum oder Atelier<\/p>\n<p><strong>Aussenbereich<\/strong>:<\/p>\n<p>Das Grundst\u00fcck umfasst 159 m\u00b2<br \/>Eine grossz\u00fcgige Terrasse l\u00e4dt zum Verweilen ein &#8211; pflegeleicht und ideal f\u00fcr gem\u00fctliche Sommerabende<br \/><em>Kein Parkplatz<\/em>, jedoch sind \u00f6ffentliche Parkm\u00f6glichkeiten in der N\u00e4he vorhanden<br \/>\u00a0<\/p>\n<p>Ein Haus mit Seele, Geschichte und vielen M\u00f6glichkeiten: Wer den Charme vergangener Zeiten sch\u00e4tzt und Freude an der individuellen Gestaltung eines Hauses hat, findet hier eine einzigartige Gelegenheit mitten in Lengnau. Ob f\u00fcr Paare, Familien oder kreative K\u00f6pfe &#8211; diese Liegenschaft wartet darauf, mit neuem Leben erf\u00fcllt zu werden.<\/p>\n<p>Bitte senden Sie uns eine Anfrage via dieser Webseite um eine Dokumentation zu erhalten.<strong> Besichtigungstermine werden ausschlisslich per Mail vergeben.\u00a0\u00a0<\/strong><\/p>\n<hr class=\"property-separator\" \/>\n<h2>Willkommen in Lengnau<\/h2>\n<p>Die Gemeinde Lengnau im Kanton Bern liegt eingebettet zwischen Biel und Solothurn und geh\u00f6rt zur wirtschaftlich dynamischen Region Seeland. Dank der hervorragenden Erschliessung \u00fcber Strasse und Schiene ist Lengnau sowohl f\u00fcr Pendler als auch f\u00fcr Menschen mit lokalem Lebensmittelpunkt attraktiv. Die St\u00e4dte Biel, Solothurn, Bern oder Grenchen sind in kurzer Zeit erreichbar &#8211; ideal f\u00fcr Berufst\u00e4tige, die urban arbeiten und l\u00e4ndlich wohnen m\u00f6chten.<\/p>\n<p>Die Liegenschaft an der K\u00e4ndlenstrasse 2 profitiert von einer besonders zentralen Lage innerhalb von Lengnau. In einem Umkreis von wenigen hundert Metern befinden sich s\u00e4mtliche Einrichtungen des t\u00e4glichen Lebens: Coop, Migros, Denner und weitere Einkaufsm\u00f6glichkeiten sind bequem zu Fuss erreichbar. Ebenso in unmittelbarer N\u00e4he liegen mehrere Kinderg\u00e4rten, die Primarschule, das Schulhaus Dorf sowie eine Kindertagesst\u00e4tte &#8211; eine optimale Ausgangslage f\u00fcr Familien.<\/p>\n<p>Auch die Anbindung an den \u00f6ffentlichen Verkehr ist ausgezeichnet: Gleich mehrere Bushaltestellen und der Bahnhof Lengnau befinden sich nur wenige Gehminuten entfernt. Damit ist eine reibungslose Mobilit\u00e4t in alle Richtungen gew\u00e4hrleistet.<\/p>\n<p>Trotz der zentralen Lage bietet das Quartier ein ruhiges, gewachsenes Wohnumfeld mit angenehmer Nachbarschaft. Die N\u00e4he zu Naherholungsgebieten, Feldern und W\u00e4ldern rundet die Wohnqualit\u00e4t ab und macht die Adresse zu einem vielseitig attraktiven Wohnstandort.<\/p>\n","protected":false},"excerpt":{"rendered":"<p>Liegenschaft an zentraler Lage mit Potenzial Dieses einseitig angebaute Haus aus dem Jahr 1938 befindet sich an ruhiger, zentraler Lage an der K\u00e4ndlenstrasse 2 in Lengnau. Viele Wohntr\u00e4ume lassen sich in diesem Haus umsetzen. Ob zur Selbstnutzung, Vermietung, Generationenhaus, zum Wohnen und Arbeiten oder einer Kombination davon; mit dieser Liegenschaft haben Sie jederzeit alle Optionen. [&hellip;]<\/p>\n","protected":false},"author":0,"featured_media":1385434,"parent":0,"menu_order":318,"comment_status":"closed","ping_status":"closed","template":"","meta":{"_acf_changed":false,"inline_featured_image":false,"footnotes":""},"casawp_category":[15],"casawp_feature":[92],"casawp_utility":[20],"casawp_location":[27,21,134],"casawp_salestype":[11],"casawp_availability":[101],"casawp_region":[],"class_list":["post-1385433","casawp_property","type-casawp_property","status-publish","has-post-thumbnail","hentry","casawp_category-single-house","casawp_feature-is-renovation-indigent","casawp_utility-residential","casawp_location-region_be","casawp_location-country_ch","casawp_location-locality_lengnau-be","casawp_salestype-buy","casawp_availability-reference"],"acf":[],"yoast_head":"<!-- This site is optimized with the Yoast SEO plugin v26.6 - https:\/\/yoast.com\/wordpress\/plugins\/seo\/ -->\n<title>Einfamilienhaus an zentraler Lage in Lengnau - Follow Immobilien<\/title>\n<meta name=\"robots\" content=\"index, follow, max-snippet:-1, max-image-preview:large, max-video-preview:-1\" \/>\n<link rel=\"canonical\" href=\"https:\/\/follow.immo\/immobilien\/1627793de-einfamilienhaus-an-zentraler-lage-in-lengnau\/\" \/>\n<meta property=\"og:locale\" content=\"fr_FR\" \/>\n<meta property=\"og:type\" content=\"article\" \/>\n<meta property=\"og:title\" content=\"Einfamilienhaus an zentraler Lage in Lengnau - Follow Immobilien\" \/>\n<meta property=\"og:description\" content=\"Liegenschaft an zentraler Lage mit Potenzial Dieses einseitig angebaute Haus aus dem Jahr 1938 befindet sich an ruhiger, zentraler Lage an der K\u00e4ndlenstrasse 2 in Lengnau. Viele Wohntr\u00e4ume lassen sich in diesem Haus umsetzen. Ob zur Selbstnutzung, Vermietung, Generationenhaus, zum Wohnen und Arbeiten oder einer Kombination davon; mit dieser Liegenschaft haben Sie jederzeit alle Optionen. [&hellip;]\" \/>\n<meta property=\"og:url\" content=\"https:\/\/follow.immo\/immobilien\/1627793de-einfamilienhaus-an-zentraler-lage-in-lengnau\/\" \/>\n<meta property=\"og:site_name\" content=\"Follow Immobilien\" \/>\n<meta property=\"article:publisher\" content=\"https:\/\/www.facebook.com\/Follow.immo\/\" \/>\n<meta property=\"article:modified_time\" content=\"2026-05-01T14:02:11+00:00\" \/>\n<meta name=\"twitter:card\" content=\"summary_large_image\" \/>\n<meta name=\"twitter:label1\" content=\"Dur\u00e9e de lecture estim\u00e9e\" \/>\n\t<meta name=\"twitter:data1\" content=\"3 minutes\" \/>\n<script type=\"application\/ld+json\" class=\"yoast-schema-graph\">{\"@context\":\"https:\/\/schema.org\",\"@graph\":[{\"@type\":\"WebPage\",\"@id\":\"https:\/\/follow.immo\/immobilien\/1627793de-einfamilienhaus-an-zentraler-lage-in-lengnau\/\",\"url\":\"https:\/\/follow.immo\/immobilien\/1627793de-einfamilienhaus-an-zentraler-lage-in-lengnau\/\",\"name\":\"Einfamilienhaus an zentraler Lage in Lengnau - Follow Immobilien\",\"isPartOf\":{\"@id\":\"https:\/\/follow.immo\/fr\/#website\"},\"primaryImageOfPage\":{\"@id\":\"https:\/\/follow.immo\/immobilien\/1627793de-einfamilienhaus-an-zentraler-lage-in-lengnau\/#primaryimage\"},\"image\":{\"@id\":\"https:\/\/follow.immo\/immobilien\/1627793de-einfamilienhaus-an-zentraler-lage-in-lengnau\/#primaryimage\"},\"thumbnailUrl\":\"https:\/\/cdn.casasoft.com\/media\/provider-8556\/property-1627793\/b777c43e2fb4919aeecaeebe988b0a51.jpeg?p=xl\",\"datePublished\":\"2025-07-29T12:26:11+00:00\",\"dateModified\":\"2026-05-01T14:02:11+00:00\",\"breadcrumb\":{\"@id\":\"https:\/\/follow.immo\/immobilien\/1627793de-einfamilienhaus-an-zentraler-lage-in-lengnau\/#breadcrumb\"},\"inLanguage\":\"fr-FR\",\"potentialAction\":[{\"@type\":\"ReadAction\",\"target\":[\"https:\/\/follow.immo\/immobilien\/1627793de-einfamilienhaus-an-zentraler-lage-in-lengnau\/\"]}]},{\"@type\":\"ImageObject\",\"inLanguage\":\"fr-FR\",\"@id\":\"https:\/\/follow.immo\/immobilien\/1627793de-einfamilienhaus-an-zentraler-lage-in-lengnau\/#primaryimage\",\"url\":\"https:\/\/cdn.casasoft.com\/media\/provider-8556\/property-1627793\/b777c43e2fb4919aeecaeebe988b0a51.jpeg?p=xl\",\"contentUrl\":\"https:\/\/cdn.casasoft.com\/media\/provider-8556\/property-1627793\/b777c43e2fb4919aeecaeebe988b0a51.jpeg?p=xl\"},{\"@type\":\"BreadcrumbList\",\"@id\":\"https:\/\/follow.immo\/immobilien\/1627793de-einfamilienhaus-an-zentraler-lage-in-lengnau\/#breadcrumb\",\"itemListElement\":[{\"@type\":\"ListItem\",\"position\":1,\"name\":\"Startseite\",\"item\":\"https:\/\/follow.immo\/fr\/\"},{\"@type\":\"ListItem\",\"position\":2,\"name\":\"Immobilien\",\"item\":\"https:\/\/follow.immo\/immobilien\/\"},{\"@type\":\"ListItem\",\"position\":3,\"name\":\"Einfamilienhaus an zentraler Lage in Lengnau\"}]},{\"@type\":\"WebSite\",\"@id\":\"https:\/\/follow.immo\/fr\/#website\",\"url\":\"https:\/\/follow.immo\/fr\/\",\"name\":\"Follow Immobilien\",\"description\":\"\",\"publisher\":{\"@id\":\"https:\/\/follow.immo\/fr\/#organization\"},\"potentialAction\":[{\"@type\":\"SearchAction\",\"target\":{\"@type\":\"EntryPoint\",\"urlTemplate\":\"https:\/\/follow.immo\/fr\/?s={search_term_string}\"},\"query-input\":{\"@type\":\"PropertyValueSpecification\",\"valueRequired\":true,\"valueName\":\"search_term_string\"}}],\"inLanguage\":\"fr-FR\"},{\"@type\":\"Organization\",\"@id\":\"https:\/\/follow.immo\/fr\/#organization\",\"name\":\"Follow Immobilien\",\"url\":\"https:\/\/follow.immo\/fr\/\",\"logo\":{\"@type\":\"ImageObject\",\"inLanguage\":\"fr-FR\",\"@id\":\"https:\/\/follow.immo\/fr\/#\/schema\/logo\/image\/\",\"url\":\"https:\/\/follow.immo\/wp-content\/uploads\/sites\/140\/2019\/02\/RZ_FOLLOW_LOGO_FINAL-1.svg\",\"contentUrl\":\"https:\/\/follow.immo\/wp-content\/uploads\/sites\/140\/2019\/02\/RZ_FOLLOW_LOGO_FINAL-1.svg\",\"width\":1,\"height\":1,\"caption\":\"Follow Immobilien\"},\"image\":{\"@id\":\"https:\/\/follow.immo\/fr\/#\/schema\/logo\/image\/\"},\"sameAs\":[\"https:\/\/www.facebook.com\/Follow.immo\/\",\"https:\/\/www.instagram.com\/follow_immobilien\",\"https:\/\/www.linkedin.com\/in\/follow-immobilien-gmbh-bb436418b\"]}]}<\/script>\n<!-- \/ Yoast SEO plugin. -->","yoast_head_json":{"title":"Einfamilienhaus an zentraler Lage in Lengnau - Follow Immobilien","robots":{"index":"index","follow":"follow","max-snippet":"max-snippet:-1","max-image-preview":"max-image-preview:large","max-video-preview":"max-video-preview:-1"},"canonical":"https:\/\/follow.immo\/immobilien\/1627793de-einfamilienhaus-an-zentraler-lage-in-lengnau\/","og_locale":"fr_FR","og_type":"article","og_title":"Einfamilienhaus an zentraler Lage in Lengnau - Follow Immobilien","og_description":"Liegenschaft an zentraler Lage mit Potenzial Dieses einseitig angebaute Haus aus dem Jahr 1938 befindet sich an ruhiger, zentraler Lage an der K\u00e4ndlenstrasse 2 in Lengnau. Viele Wohntr\u00e4ume lassen sich in diesem Haus umsetzen. Ob zur Selbstnutzung, Vermietung, Generationenhaus, zum Wohnen und Arbeiten oder einer Kombination davon; mit dieser Liegenschaft haben Sie jederzeit alle Optionen. [&hellip;]","og_url":"https:\/\/follow.immo\/immobilien\/1627793de-einfamilienhaus-an-zentraler-lage-in-lengnau\/","og_site_name":"Follow Immobilien","article_publisher":"https:\/\/www.facebook.com\/Follow.immo\/","article_modified_time":"2026-05-01T14:02:11+00:00","twitter_card":"summary_large_image","twitter_misc":{"Dur\u00e9e de lecture estim\u00e9e":"3 minutes"},"schema":{"@context":"https:\/\/schema.org","@graph":[{"@type":"WebPage","@id":"https:\/\/follow.immo\/immobilien\/1627793de-einfamilienhaus-an-zentraler-lage-in-lengnau\/","url":"https:\/\/follow.immo\/immobilien\/1627793de-einfamilienhaus-an-zentraler-lage-in-lengnau\/","name":"Einfamilienhaus an zentraler Lage in Lengnau - Follow Immobilien","isPartOf":{"@id":"https:\/\/follow.immo\/fr\/#website"},"primaryImageOfPage":{"@id":"https:\/\/follow.immo\/immobilien\/1627793de-einfamilienhaus-an-zentraler-lage-in-lengnau\/#primaryimage"},"image":{"@id":"https:\/\/follow.immo\/immobilien\/1627793de-einfamilienhaus-an-zentraler-lage-in-lengnau\/#primaryimage"},"thumbnailUrl":"https:\/\/cdn.casasoft.com\/media\/provider-8556\/property-1627793\/b777c43e2fb4919aeecaeebe988b0a51.jpeg?p=xl","datePublished":"2025-07-29T12:26:11+00:00","dateModified":"2026-05-01T14:02:11+00:00","breadcrumb":{"@id":"https:\/\/follow.immo\/immobilien\/1627793de-einfamilienhaus-an-zentraler-lage-in-lengnau\/#breadcrumb"},"inLanguage":"fr-FR","potentialAction":[{"@type":"ReadAction","target":["https:\/\/follow.immo\/immobilien\/1627793de-einfamilienhaus-an-zentraler-lage-in-lengnau\/"]}]},{"@type":"ImageObject","inLanguage":"fr-FR","@id":"https:\/\/follow.immo\/immobilien\/1627793de-einfamilienhaus-an-zentraler-lage-in-lengnau\/#primaryimage","url":"https:\/\/cdn.casasoft.com\/media\/provider-8556\/property-1627793\/b777c43e2fb4919aeecaeebe988b0a51.jpeg?p=xl","contentUrl":"https:\/\/cdn.casasoft.com\/media\/provider-8556\/property-1627793\/b777c43e2fb4919aeecaeebe988b0a51.jpeg?p=xl"},{"@type":"BreadcrumbList","@id":"https:\/\/follow.immo\/immobilien\/1627793de-einfamilienhaus-an-zentraler-lage-in-lengnau\/#breadcrumb","itemListElement":[{"@type":"ListItem","position":1,"name":"Startseite","item":"https:\/\/follow.immo\/fr\/"},{"@type":"ListItem","position":2,"name":"Immobilien","item":"https:\/\/follow.immo\/immobilien\/"},{"@type":"ListItem","position":3,"name":"Einfamilienhaus an zentraler Lage in Lengnau"}]},{"@type":"WebSite","@id":"https:\/\/follow.immo\/fr\/#website","url":"https:\/\/follow.immo\/fr\/","name":"Follow Immobilien","description":"","publisher":{"@id":"https:\/\/follow.immo\/fr\/#organization"},"potentialAction":[{"@type":"SearchAction","target":{"@type":"EntryPoint","urlTemplate":"https:\/\/follow.immo\/fr\/?s={search_term_string}"},"query-input":{"@type":"PropertyValueSpecification","valueRequired":true,"valueName":"search_term_string"}}],"inLanguage":"fr-FR"},{"@type":"Organization","@id":"https:\/\/follow.immo\/fr\/#organization","name":"Follow Immobilien","url":"https:\/\/follow.immo\/fr\/","logo":{"@type":"ImageObject","inLanguage":"fr-FR","@id":"https:\/\/follow.immo\/fr\/#\/schema\/logo\/image\/","url":"https:\/\/follow.immo\/wp-content\/uploads\/sites\/140\/2019\/02\/RZ_FOLLOW_LOGO_FINAL-1.svg","contentUrl":"https:\/\/follow.immo\/wp-content\/uploads\/sites\/140\/2019\/02\/RZ_FOLLOW_LOGO_FINAL-1.svg","width":1,"height":1,"caption":"Follow Immobilien"},"image":{"@id":"https:\/\/follow.immo\/fr\/#\/schema\/logo\/image\/"},"sameAs":["https:\/\/www.facebook.com\/Follow.immo\/","https:\/\/www.instagram.com\/follow_immobilien","https:\/\/www.linkedin.com\/in\/follow-immobilien-gmbh-bb436418b"]}]}},"_links":{"self":[{"href":"https:\/\/follow.immo\/fr\/wp-json\/wp\/v2\/casawp_property\/1385433","targetHints":{"allow":["GET"]}}],"collection":[{"href":"https:\/\/follow.immo\/fr\/wp-json\/wp\/v2\/casawp_property"}],"about":[{"href":"https:\/\/follow.immo\/fr\/wp-json\/wp\/v2\/types\/casawp_property"}],"replies":[{"embeddable":true,"href":"https:\/\/follow.immo\/fr\/wp-json\/wp\/v2\/comments?post=1385433"}],"version-history":[{"count":0,"href":"https:\/\/follow.immo\/fr\/wp-json\/wp\/v2\/casawp_property\/1385433\/revisions"}],"wp:featuredmedia":[{"embeddable":true,"href":"https:\/\/follow.immo\/fr\/wp-json\/wp\/v2\/media\/1385434"}],"wp:attachment":[{"href":"https:\/\/follow.immo\/fr\/wp-json\/wp\/v2\/media?parent=1385433"}],"wp:term":[{"taxonomy":"casawp_category","embeddable":true,"href":"https:\/\/follow.immo\/fr\/wp-json\/wp\/v2\/casawp_category?post=1385433"},{"taxonomy":"casawp_feature","embeddable":true,"href":"https:\/\/follow.immo\/fr\/wp-json\/wp\/v2\/casawp_feature?post=1385433"},{"taxonomy":"casawp_utility","embeddable":true,"href":"https:\/\/follow.immo\/fr\/wp-json\/wp\/v2\/casawp_utility?post=1385433"},{"taxonomy":"casawp_location","embeddable":true,"href":"https:\/\/follow.immo\/fr\/wp-json\/wp\/v2\/casawp_location?post=1385433"},{"taxonomy":"casawp_salestype","embeddable":true,"href":"https:\/\/follow.immo\/fr\/wp-json\/wp\/v2\/casawp_salestype?post=1385433"},{"taxonomy":"casawp_availability","embeddable":true,"href":"https:\/\/follow.immo\/fr\/wp-json\/wp\/v2\/casawp_availability?post=1385433"},{"taxonomy":"casawp_region","embeddable":true,"href":"https:\/\/follow.immo\/fr\/wp-json\/wp\/v2\/casawp_region?post=1385433"}],"curies":[{"name":"wp","href":"https:\/\/api.w.org\/{rel}","templated":true}]}}