{"id":1380217,"date":"2023-11-28T07:57:52","date_gmt":"2023-11-28T06:57:52","guid":{"rendered":"https:\/\/follow.immo\/immobilien\/1339103fr-agreable-maison-individuelle-de-45-pieces-avec-jardin\/"},"modified":"2026-05-01T15:33:35","modified_gmt":"2026-05-01T13:33:35","slug":"1339103fr-agreable-maison-individuelle-de-45-pieces-avec-jardin","status":"publish","type":"casawp_property","link":"https:\/\/follow.immo\/fr\/immobilien\/1339103fr-agreable-maison-individuelle-de-45-pieces-avec-jardin\/","title":{"rendered":"Agr\u00e9able maison individuelle de 4.5 pi\u00e8ces avec jardin"},"content":{"rendered":"<p><p>Vous cherchez une maison pour vous et votre famille dans un quartier familial et calme avec des espaces verts et une grande cave pour vos loisirs ? Alors je suis exactement ce que vous cherchez !<\/p>\n<p>Je suis situ\u00e9 dans un quartier idyllique de maisons individuelles \u00e0 Br\u00fcnisried. Les enfants scolaris\u00e9s vont \u00e0 l&rsquo;\u00e9cole du village de la maternelle \u00e0 la quatri\u00e8me ann\u00e9e. A partir de la cinqui\u00e8me classe, les enfants et les adolescents prennent le bus pour se rendre \u00e0 l&rsquo;\u00e9cole primaire et au cycle d&rsquo;orientation de Plaffeien.<\/p>\n<p>Je suis situ\u00e9 \u00e0 6 minutes en voiture de Plaffeien, \u00e0 20 minutes de Fribourg et \u00e0 45 minutes de la ville de Berne. En 10 minutes \u00e0 v\u00e9lo, vous pouvez prendre le bus public qui vous emm\u00e8ne \u00e0 Fribourg (30 minutes) ou \u00e0 Plaffeien (7 minutes).<\/p>\n<p>En 2002, j&rsquo;ai \u00e9t\u00e9 construite comme une maison individuelle de 4,5 pi\u00e8ces, ind\u00e9pendante et lumineuse, avec un grand abri anti-a\u00e9rien. <strong>La propri\u00e9t\u00e9 dispose d&rsquo;une pompe \u00e0 chaleur.<\/strong> Les radiateurs infrarouges mont\u00e9s ne sont pas n\u00e9cessaires, ils peuvent \u00eatre retir\u00e9s.<\/p>\n<p>Je vous propose la disposition des pi\u00e8ces suivante :<\/p>\n<ul>\n<li>Entr\u00e9e avec vestiaire et un r\u00e9duit sous l&rsquo;escalier<\/li>\n<li>Salon et salle \u00e0 manger avec po\u00eale su\u00e9dois et belle baie vitr\u00e9e donnant sur le jardin<\/li>\n<li>Cuisine ouverte avec \u00eelot de cuisson<\/li>\n<li>Toilettes invit\u00e9s<\/li>\n<li>Local technique avec emplacement pour machine \u00e0 laver<\/li>\n<li>Trois chambres \u00e0 coucher<\/li>\n<li>Un bureau ou un coin de jeu dans le couloir<\/li>\n<li>Salle de bain<\/li>\n<li>Balcon<\/li>\n<\/ul>\n<p>Mon jardin confortable invite \u00e0 la d\u00e9tente et laisse de la place aux enfants pour jouer et se d\u00e9fouler. Gr\u00e2ce \u00e0 l&rsquo;orientation de la propri\u00e9t\u00e9 et \u00e0 l&rsquo;ensoleillement correspondant, vous pouvez profiter de vos propres fruits du jardin. Les fruits tels que les pommes et les raisins s&rsquo;y d\u00e9veloppent magnifiquement.<\/p>\n<p>L&rsquo;abri antia\u00e9rien sous la maison est sp\u00e9cial par sa taille et son entr\u00e9e s\u00e9par\u00e9e et offre un espace incroyable.<\/p>\n<p>Pour vos v\u00e9hicules, je poss\u00e8de \u00e9galement un carport et une place de parking ext\u00e9rieure.<\/p>\n<p>Vous \u00eates curieux?<\/p>\n<p>Pour une documentation d\u00e9taill\u00e9e, d&rsquo;\u00e9ventuelles questions ou pour fixer une visite de votre futur bien immobilier, Follow Immobilien se tient \u00e0 votre disposition.\u00a0<\/p>\n<p>Vous trouvez plus de choix de biens immobiliers sous www.follow.immo<\/p><\/p>\n","protected":false},"excerpt":{"rendered":"<p>Vous cherchez une maison pour vous et votre famille dans un quartier familial et calme avec des espaces verts et une grande cave pour vos loisirs ? Alors je suis exactement ce que vous cherchez ! Je suis situ\u00e9 dans un quartier idyllique de maisons individuelles \u00e0 Br\u00fcnisried. Les enfants scolaris\u00e9s vont \u00e0 l&rsquo;\u00e9cole du [&hellip;]<\/p>\n","protected":false},"author":0,"featured_media":1380218,"parent":0,"menu_order":145,"comment_status":"closed","ping_status":"closed","template":"","meta":{"_acf_changed":false,"inline_featured_image":false,"footnotes":""},"casawp_category":[81,15],"casawp_feature":[37,42,56,17,95,16,90,82],"casawp_utility":[20],"casawp_location":[371,21,22],"casawp_salestype":[11],"casawp_availability":[101],"casawp_region":[],"class_list":["post-1380217","casawp_property","type-casawp_property","status-publish","has-post-thumbnail","hentry","casawp_category-house","casawp_category-single-house","casawp_feature-has-balcony","casawp_feature-has-fireplace","casawp_feature-has-mountain-view","casawp_feature-has-parking","casawp_feature-is-animal-friendly","casawp_feature-is-child-friendly","casawp_feature-is-quiet","casawp_feature-is-sunny","casawp_utility-residential","casawp_location-locality_bruenisried","casawp_location-country_ch","casawp_location-region_fr","casawp_salestype-buy","casawp_availability-reference"],"acf":[],"yoast_head":"<!-- This site is optimized with the Yoast SEO plugin v26.6 - https:\/\/yoast.com\/wordpress\/plugins\/seo\/ -->\n<title>Agr\u00e9able maison individuelle de 4.5 pi\u00e8ces avec jardin - Follow Immobilien<\/title>\n<meta name=\"robots\" content=\"index, follow, max-snippet:-1, max-image-preview:large, max-video-preview:-1\" \/>\n<link rel=\"canonical\" href=\"https:\/\/follow.immo\/immobilien\/1339103de-gemuetliches-45-zi-einfamilienhaus-mit-garten\/\" \/>\n<meta property=\"og:locale\" content=\"fr_FR\" \/>\n<meta property=\"og:type\" content=\"article\" \/>\n<meta property=\"og:title\" content=\"Agr\u00e9able maison individuelle de 4.5 pi\u00e8ces avec jardin - Follow Immobilien\" \/>\n<meta property=\"og:description\" content=\"Vous cherchez une maison pour vous et votre famille dans un quartier familial et calme avec des espaces verts et une grande cave pour vos loisirs ? Alors je suis exactement ce que vous cherchez ! Je suis situ\u00e9 dans un quartier idyllique de maisons individuelles \u00e0 Br\u00fcnisried. Les enfants scolaris\u00e9s vont \u00e0 l&rsquo;\u00e9cole du [&hellip;]\" \/>\n<meta property=\"og:url\" content=\"https:\/\/follow.immo\/immobilien\/1339103de-gemuetliches-45-zi-einfamilienhaus-mit-garten\/\" \/>\n<meta property=\"og:site_name\" content=\"Follow Immobilien\" \/>\n<meta property=\"article:publisher\" content=\"https:\/\/www.facebook.com\/Follow.immo\/\" \/>\n<meta property=\"article:modified_time\" content=\"2026-05-01T13:33:35+00:00\" \/>\n<meta name=\"twitter:card\" content=\"summary_large_image\" \/>\n<meta name=\"twitter:label1\" content=\"Dur\u00e9e de lecture estim\u00e9e\" \/>\n\t<meta name=\"twitter:data1\" content=\"2 minutes\" \/>\n<script type=\"application\/ld+json\" class=\"yoast-schema-graph\">{\"@context\":\"https:\/\/schema.org\",\"@graph\":[{\"@type\":\"WebPage\",\"@id\":\"https:\/\/follow.immo\/immobilien\/1339103de-gemuetliches-45-zi-einfamilienhaus-mit-garten\/\",\"url\":\"https:\/\/follow.immo\/immobilien\/1339103de-gemuetliches-45-zi-einfamilienhaus-mit-garten\/\",\"name\":\"Agr\u00e9able maison individuelle de 4.5 pi\u00e8ces avec jardin - Follow Immobilien\",\"isPartOf\":{\"@id\":\"https:\/\/follow.immo\/fr\/#website\"},\"primaryImageOfPage\":{\"@id\":\"https:\/\/follow.immo\/immobilien\/1339103de-gemuetliches-45-zi-einfamilienhaus-mit-garten\/#primaryimage\"},\"image\":{\"@id\":\"https:\/\/follow.immo\/immobilien\/1339103de-gemuetliches-45-zi-einfamilienhaus-mit-garten\/#primaryimage\"},\"thumbnailUrl\":\"https:\/\/cdn.casasoft.com\/media\/provider-8556\/property-1304798\/a482181e1c74aad708bb98141d370169.jpeg?p=xl\",\"datePublished\":\"2023-11-28T06:57:52+00:00\",\"dateModified\":\"2026-05-01T13:33:35+00:00\",\"breadcrumb\":{\"@id\":\"https:\/\/follow.immo\/immobilien\/1339103de-gemuetliches-45-zi-einfamilienhaus-mit-garten\/#breadcrumb\"},\"inLanguage\":\"fr-FR\",\"potentialAction\":[{\"@type\":\"ReadAction\",\"target\":[\"https:\/\/follow.immo\/immobilien\/1339103de-gemuetliches-45-zi-einfamilienhaus-mit-garten\/\"]}]},{\"@type\":\"ImageObject\",\"inLanguage\":\"fr-FR\",\"@id\":\"https:\/\/follow.immo\/immobilien\/1339103de-gemuetliches-45-zi-einfamilienhaus-mit-garten\/#primaryimage\",\"url\":\"https:\/\/cdn.casasoft.com\/media\/provider-8556\/property-1304798\/a482181e1c74aad708bb98141d370169.jpeg?p=xl\",\"contentUrl\":\"https:\/\/cdn.casasoft.com\/media\/provider-8556\/property-1304798\/a482181e1c74aad708bb98141d370169.jpeg?p=xl\"},{\"@type\":\"BreadcrumbList\",\"@id\":\"https:\/\/follow.immo\/immobilien\/1339103de-gemuetliches-45-zi-einfamilienhaus-mit-garten\/#breadcrumb\",\"itemListElement\":[{\"@type\":\"ListItem\",\"position\":1,\"name\":\"Startseite\",\"item\":\"https:\/\/follow.immo\/fr\/\"},{\"@type\":\"ListItem\",\"position\":2,\"name\":\"Immobilien\",\"item\":\"https:\/\/follow.immo\/immobilien\/\"},{\"@type\":\"ListItem\",\"position\":3,\"name\":\"Agr\u00e9able maison individuelle de 4.5 pi\u00e8ces avec jardin\"}]},{\"@type\":\"WebSite\",\"@id\":\"https:\/\/follow.immo\/fr\/#website\",\"url\":\"https:\/\/follow.immo\/fr\/\",\"name\":\"Follow Immobilien\",\"description\":\"\",\"publisher\":{\"@id\":\"https:\/\/follow.immo\/fr\/#organization\"},\"potentialAction\":[{\"@type\":\"SearchAction\",\"target\":{\"@type\":\"EntryPoint\",\"urlTemplate\":\"https:\/\/follow.immo\/fr\/?s={search_term_string}\"},\"query-input\":{\"@type\":\"PropertyValueSpecification\",\"valueRequired\":true,\"valueName\":\"search_term_string\"}}],\"inLanguage\":\"fr-FR\"},{\"@type\":\"Organization\",\"@id\":\"https:\/\/follow.immo\/fr\/#organization\",\"name\":\"Follow Immobilien\",\"url\":\"https:\/\/follow.immo\/fr\/\",\"logo\":{\"@type\":\"ImageObject\",\"inLanguage\":\"fr-FR\",\"@id\":\"https:\/\/follow.immo\/fr\/#\/schema\/logo\/image\/\",\"url\":\"https:\/\/follow.immo\/wp-content\/uploads\/sites\/140\/2019\/02\/RZ_FOLLOW_LOGO_FINAL-1.svg\",\"contentUrl\":\"https:\/\/follow.immo\/wp-content\/uploads\/sites\/140\/2019\/02\/RZ_FOLLOW_LOGO_FINAL-1.svg\",\"width\":1,\"height\":1,\"caption\":\"Follow Immobilien\"},\"image\":{\"@id\":\"https:\/\/follow.immo\/fr\/#\/schema\/logo\/image\/\"},\"sameAs\":[\"https:\/\/www.facebook.com\/Follow.immo\/\",\"https:\/\/www.instagram.com\/follow_immobilien\",\"https:\/\/www.linkedin.com\/in\/follow-immobilien-gmbh-bb436418b\"]}]}<\/script>\n<!-- \/ Yoast SEO plugin. -->","yoast_head_json":{"title":"Agr\u00e9able maison individuelle de 4.5 pi\u00e8ces avec jardin - Follow Immobilien","robots":{"index":"index","follow":"follow","max-snippet":"max-snippet:-1","max-image-preview":"max-image-preview:large","max-video-preview":"max-video-preview:-1"},"canonical":"https:\/\/follow.immo\/immobilien\/1339103de-gemuetliches-45-zi-einfamilienhaus-mit-garten\/","og_locale":"fr_FR","og_type":"article","og_title":"Agr\u00e9able maison individuelle de 4.5 pi\u00e8ces avec jardin - Follow Immobilien","og_description":"Vous cherchez une maison pour vous et votre famille dans un quartier familial et calme avec des espaces verts et une grande cave pour vos loisirs ? Alors je suis exactement ce que vous cherchez ! Je suis situ\u00e9 dans un quartier idyllique de maisons individuelles \u00e0 Br\u00fcnisried. Les enfants scolaris\u00e9s vont \u00e0 l&rsquo;\u00e9cole du [&hellip;]","og_url":"https:\/\/follow.immo\/immobilien\/1339103de-gemuetliches-45-zi-einfamilienhaus-mit-garten\/","og_site_name":"Follow Immobilien","article_publisher":"https:\/\/www.facebook.com\/Follow.immo\/","article_modified_time":"2026-05-01T13:33:35+00:00","twitter_card":"summary_large_image","twitter_misc":{"Dur\u00e9e de lecture estim\u00e9e":"2 minutes"},"schema":{"@context":"https:\/\/schema.org","@graph":[{"@type":"WebPage","@id":"https:\/\/follow.immo\/immobilien\/1339103de-gemuetliches-45-zi-einfamilienhaus-mit-garten\/","url":"https:\/\/follow.immo\/immobilien\/1339103de-gemuetliches-45-zi-einfamilienhaus-mit-garten\/","name":"Agr\u00e9able maison individuelle de 4.5 pi\u00e8ces avec jardin - Follow Immobilien","isPartOf":{"@id":"https:\/\/follow.immo\/fr\/#website"},"primaryImageOfPage":{"@id":"https:\/\/follow.immo\/immobilien\/1339103de-gemuetliches-45-zi-einfamilienhaus-mit-garten\/#primaryimage"},"image":{"@id":"https:\/\/follow.immo\/immobilien\/1339103de-gemuetliches-45-zi-einfamilienhaus-mit-garten\/#primaryimage"},"thumbnailUrl":"https:\/\/cdn.casasoft.com\/media\/provider-8556\/property-1304798\/a482181e1c74aad708bb98141d370169.jpeg?p=xl","datePublished":"2023-11-28T06:57:52+00:00","dateModified":"2026-05-01T13:33:35+00:00","breadcrumb":{"@id":"https:\/\/follow.immo\/immobilien\/1339103de-gemuetliches-45-zi-einfamilienhaus-mit-garten\/#breadcrumb"},"inLanguage":"fr-FR","potentialAction":[{"@type":"ReadAction","target":["https:\/\/follow.immo\/immobilien\/1339103de-gemuetliches-45-zi-einfamilienhaus-mit-garten\/"]}]},{"@type":"ImageObject","inLanguage":"fr-FR","@id":"https:\/\/follow.immo\/immobilien\/1339103de-gemuetliches-45-zi-einfamilienhaus-mit-garten\/#primaryimage","url":"https:\/\/cdn.casasoft.com\/media\/provider-8556\/property-1304798\/a482181e1c74aad708bb98141d370169.jpeg?p=xl","contentUrl":"https:\/\/cdn.casasoft.com\/media\/provider-8556\/property-1304798\/a482181e1c74aad708bb98141d370169.jpeg?p=xl"},{"@type":"BreadcrumbList","@id":"https:\/\/follow.immo\/immobilien\/1339103de-gemuetliches-45-zi-einfamilienhaus-mit-garten\/#breadcrumb","itemListElement":[{"@type":"ListItem","position":1,"name":"Startseite","item":"https:\/\/follow.immo\/fr\/"},{"@type":"ListItem","position":2,"name":"Immobilien","item":"https:\/\/follow.immo\/immobilien\/"},{"@type":"ListItem","position":3,"name":"Agr\u00e9able maison individuelle de 4.5 pi\u00e8ces avec jardin"}]},{"@type":"WebSite","@id":"https:\/\/follow.immo\/fr\/#website","url":"https:\/\/follow.immo\/fr\/","name":"Follow Immobilien","description":"","publisher":{"@id":"https:\/\/follow.immo\/fr\/#organization"},"potentialAction":[{"@type":"SearchAction","target":{"@type":"EntryPoint","urlTemplate":"https:\/\/follow.immo\/fr\/?s={search_term_string}"},"query-input":{"@type":"PropertyValueSpecification","valueRequired":true,"valueName":"search_term_string"}}],"inLanguage":"fr-FR"},{"@type":"Organization","@id":"https:\/\/follow.immo\/fr\/#organization","name":"Follow Immobilien","url":"https:\/\/follow.immo\/fr\/","logo":{"@type":"ImageObject","inLanguage":"fr-FR","@id":"https:\/\/follow.immo\/fr\/#\/schema\/logo\/image\/","url":"https:\/\/follow.immo\/wp-content\/uploads\/sites\/140\/2019\/02\/RZ_FOLLOW_LOGO_FINAL-1.svg","contentUrl":"https:\/\/follow.immo\/wp-content\/uploads\/sites\/140\/2019\/02\/RZ_FOLLOW_LOGO_FINAL-1.svg","width":1,"height":1,"caption":"Follow Immobilien"},"image":{"@id":"https:\/\/follow.immo\/fr\/#\/schema\/logo\/image\/"},"sameAs":["https:\/\/www.facebook.com\/Follow.immo\/","https:\/\/www.instagram.com\/follow_immobilien","https:\/\/www.linkedin.com\/in\/follow-immobilien-gmbh-bb436418b"]}]}},"_links":{"self":[{"href":"https:\/\/follow.immo\/fr\/wp-json\/wp\/v2\/casawp_property\/1380217","targetHints":{"allow":["GET"]}}],"collection":[{"href":"https:\/\/follow.immo\/fr\/wp-json\/wp\/v2\/casawp_property"}],"about":[{"href":"https:\/\/follow.immo\/fr\/wp-json\/wp\/v2\/types\/casawp_property"}],"replies":[{"embeddable":true,"href":"https:\/\/follow.immo\/fr\/wp-json\/wp\/v2\/comments?post=1380217"}],"version-history":[{"count":0,"href":"https:\/\/follow.immo\/fr\/wp-json\/wp\/v2\/casawp_property\/1380217\/revisions"}],"wp:featuredmedia":[{"embeddable":true,"href":"https:\/\/follow.immo\/fr\/wp-json\/wp\/v2\/media\/1380218"}],"wp:attachment":[{"href":"https:\/\/follow.immo\/fr\/wp-json\/wp\/v2\/media?parent=1380217"}],"wp:term":[{"taxonomy":"casawp_category","embeddable":true,"href":"https:\/\/follow.immo\/fr\/wp-json\/wp\/v2\/casawp_category?post=1380217"},{"taxonomy":"casawp_feature","embeddable":true,"href":"https:\/\/follow.immo\/fr\/wp-json\/wp\/v2\/casawp_feature?post=1380217"},{"taxonomy":"casawp_utility","embeddable":true,"href":"https:\/\/follow.immo\/fr\/wp-json\/wp\/v2\/casawp_utility?post=1380217"},{"taxonomy":"casawp_location","embeddable":true,"href":"https:\/\/follow.immo\/fr\/wp-json\/wp\/v2\/casawp_location?post=1380217"},{"taxonomy":"casawp_salestype","embeddable":true,"href":"https:\/\/follow.immo\/fr\/wp-json\/wp\/v2\/casawp_salestype?post=1380217"},{"taxonomy":"casawp_availability","embeddable":true,"href":"https:\/\/follow.immo\/fr\/wp-json\/wp\/v2\/casawp_availability?post=1380217"},{"taxonomy":"casawp_region","embeddable":true,"href":"https:\/\/follow.immo\/fr\/wp-json\/wp\/v2\/casawp_region?post=1380217"}],"curies":[{"name":"wp","href":"https:\/\/api.w.org\/{rel}","templated":true}]}}