{"id":1376470,"date":"2019-04-09T16:03:39","date_gmt":"2019-04-09T14:03:39","guid":{"rendered":"https:\/\/follow.immo\/immobilien\/378481fr-schoene-55-zimmer-wohnung-im-zentrum-von-giffers\/"},"modified":"2026-05-01T16:27:10","modified_gmt":"2026-05-01T14:27:10","slug":"378481fr-schoene-55-zimmer-wohnung-im-zentrum-von-giffers","status":"publish","type":"casawp_property","link":"https:\/\/follow.immo\/fr\/immobilien\/378481fr-schoene-55-zimmer-wohnung-im-zentrum-von-giffers\/","title":{"rendered":"Sch\u00f6ne 5.5-Zimmer-Wohnung im Zentrum von Giffers"},"content":{"rendered":"<p><p>Sie suchen eine ger\u00e4umige Wohnung im Zentrum von Giffers? Dann m\u00fcssen Sie mich dringend besuchen. <\/p>\n<p>Ich wurde 1986 als Dachwohnung mit Galerie erbaut. Mit meinem Wohn- und Esszimmer mit Chemin\u00e9e, einer offenen K\u00fcche, meinen Schlafzimmern, meinen Badezimmern, meiner G\u00e4stetoilette und meiner Sauna biete ich Ihnen sehr viel Platz. Auf meinem Balkon k\u00f6nnen Sie den Alltag vergessen und meine traumhafte Weitsicht geniessen. Ihre W\u00e4sche erledigen Sie im gemeinschaftlichen Wasch- und Trockenraum im Untergeschoss wo sich auch der private Kellerraum f\u00fcr Dies und Das befindet.<\/p>\n<p>F\u00fcr Ihr Auto ist im Kaufpreis von CHF 490&rsquo;000.- ein Einstellhallenplatz in der Tiefgarage enthalten.<\/p>\n<p>Durch meine Lage mitten in Giffers, haben sie keine grossen Distanzen zu bew\u00e4ltigen. Allgemeinarzt, Kinderarzt und Post sind gleich im Haus, um die Ecke befindet sich eine Einkaufsm\u00f6glichkeit, eine Haltestelle des \u00f6ffentlichen Busverkehrs und ein Restaurant. Gleich \u00fcber die Strasse befindet sich die Bank und die Schulkinder erreichen die Schule und die Sporthalle in wenigen Gehminuten. Trotz der zentralen Lage besticht die Wohnung durch die ruhige Ausrichtung abseits der Hauptstrasse.<\/p>\n<p>Habe ich Ihre Neugier geweckt? Dann m\u00fcssen Sie mich besuchen.<\/p>\n<p>F\u00fcr eine detaillierte Dokumentation, f\u00fcr Fragen oder einer Besichtigung steht Ihnen Roy der Makler gerne zur Verf\u00fcgung.<\/p>\n<p>Noch mehr Immobilienauswahl finden Sie auf www.follow.immo<br \/> Erfahren Sie mehr \u00fcber Roy der Makler unter www.roydermakler.ch<\/p><\/p>\n","protected":false},"excerpt":{"rendered":"<p>Sie suchen eine ger\u00e4umige Wohnung im Zentrum von Giffers? Dann m\u00fcssen Sie mich dringend besuchen. Ich wurde 1986 als Dachwohnung mit Galerie erbaut. Mit meinem Wohn- und Esszimmer mit Chemin\u00e9e, einer offenen K\u00fcche, meinen Schlafzimmern, meinen Badezimmern, meiner G\u00e4stetoilette und meiner Sauna biete ich Ihnen sehr viel Platz. Auf meinem Balkon k\u00f6nnen Sie den Alltag [&hellip;]<\/p>\n","protected":false},"author":0,"featured_media":1376471,"parent":0,"menu_order":460,"comment_status":"closed","ping_status":"closed","template":"","meta":{"_acf_changed":false,"inline_featured_image":false,"footnotes":""},"casawp_category":[115],"casawp_feature":[37,42,18,39,16],"casawp_utility":[20],"casawp_location":[21,22,116],"casawp_salestype":[11],"casawp_availability":[101],"casawp_region":[],"class_list":["post-1376470","casawp_property","type-casawp_property","status-publish","has-post-thumbnail","hentry","casawp_category-roof-flat","casawp_feature-has-balcony","casawp_feature-has-fireplace","casawp_feature-has-garage","casawp_feature-has-restrooms","casawp_feature-is-child-friendly","casawp_utility-residential","casawp_location-country_ch","casawp_location-region_fr","casawp_location-locality_giffers","casawp_salestype-buy","casawp_availability-reference"],"acf":[],"yoast_head":"<!-- This site is optimized with the Yoast SEO plugin v26.6 - https:\/\/yoast.com\/wordpress\/plugins\/seo\/ -->\n<title>Sch\u00f6ne 5.5-Zimmer-Wohnung im Zentrum von Giffers - Follow Immobilien<\/title>\n<meta name=\"robots\" content=\"index, follow, max-snippet:-1, max-image-preview:large, max-video-preview:-1\" \/>\n<link rel=\"canonical\" href=\"https:\/\/follow.immo\/immobilien\/378481de-schoene-55-zimmer-wohnung-im-zentrum-von-giffers\/\" \/>\n<meta property=\"og:locale\" content=\"fr_FR\" \/>\n<meta property=\"og:type\" content=\"article\" \/>\n<meta property=\"og:title\" content=\"Sch\u00f6ne 5.5-Zimmer-Wohnung im Zentrum von Giffers - Follow Immobilien\" \/>\n<meta property=\"og:description\" content=\"Sie suchen eine ger\u00e4umige Wohnung im Zentrum von Giffers? Dann m\u00fcssen Sie mich dringend besuchen. Ich wurde 1986 als Dachwohnung mit Galerie erbaut. Mit meinem Wohn- und Esszimmer mit Chemin\u00e9e, einer offenen K\u00fcche, meinen Schlafzimmern, meinen Badezimmern, meiner G\u00e4stetoilette und meiner Sauna biete ich Ihnen sehr viel Platz. Auf meinem Balkon k\u00f6nnen Sie den Alltag [&hellip;]\" \/>\n<meta property=\"og:url\" content=\"https:\/\/follow.immo\/immobilien\/378481de-schoene-55-zimmer-wohnung-im-zentrum-von-giffers\/\" \/>\n<meta property=\"og:site_name\" content=\"Follow Immobilien\" \/>\n<meta property=\"article:publisher\" content=\"https:\/\/www.facebook.com\/Follow.immo\/\" \/>\n<meta property=\"article:modified_time\" content=\"2026-05-01T14:27:10+00:00\" \/>\n<meta name=\"twitter:card\" content=\"summary_large_image\" \/>\n<meta name=\"twitter:label1\" content=\"Dur\u00e9e de lecture estim\u00e9e\" \/>\n\t<meta name=\"twitter:data1\" content=\"1 minute\" \/>\n<script type=\"application\/ld+json\" class=\"yoast-schema-graph\">{\"@context\":\"https:\/\/schema.org\",\"@graph\":[{\"@type\":\"WebPage\",\"@id\":\"https:\/\/follow.immo\/immobilien\/378481de-schoene-55-zimmer-wohnung-im-zentrum-von-giffers\/\",\"url\":\"https:\/\/follow.immo\/immobilien\/378481de-schoene-55-zimmer-wohnung-im-zentrum-von-giffers\/\",\"name\":\"Sch\u00f6ne 5.5-Zimmer-Wohnung im Zentrum von Giffers - Follow Immobilien\",\"isPartOf\":{\"@id\":\"https:\/\/follow.immo\/fr\/#website\"},\"primaryImageOfPage\":{\"@id\":\"https:\/\/follow.immo\/immobilien\/378481de-schoene-55-zimmer-wohnung-im-zentrum-von-giffers\/#primaryimage\"},\"image\":{\"@id\":\"https:\/\/follow.immo\/immobilien\/378481de-schoene-55-zimmer-wohnung-im-zentrum-von-giffers\/#primaryimage\"},\"thumbnailUrl\":\"https:\/\/cdn.casasoft.com\/media\/provider-8556\/property-378481\/f9f4c879df6c92065ab8ff3f33f6db20.jpg?p=xl\",\"datePublished\":\"2019-04-09T14:03:39+00:00\",\"dateModified\":\"2026-05-01T14:27:10+00:00\",\"breadcrumb\":{\"@id\":\"https:\/\/follow.immo\/immobilien\/378481de-schoene-55-zimmer-wohnung-im-zentrum-von-giffers\/#breadcrumb\"},\"inLanguage\":\"fr-FR\",\"potentialAction\":[{\"@type\":\"ReadAction\",\"target\":[\"https:\/\/follow.immo\/immobilien\/378481de-schoene-55-zimmer-wohnung-im-zentrum-von-giffers\/\"]}]},{\"@type\":\"ImageObject\",\"inLanguage\":\"fr-FR\",\"@id\":\"https:\/\/follow.immo\/immobilien\/378481de-schoene-55-zimmer-wohnung-im-zentrum-von-giffers\/#primaryimage\",\"url\":\"https:\/\/cdn.casasoft.com\/media\/provider-8556\/property-378481\/f9f4c879df6c92065ab8ff3f33f6db20.jpg?p=xl\",\"contentUrl\":\"https:\/\/cdn.casasoft.com\/media\/provider-8556\/property-378481\/f9f4c879df6c92065ab8ff3f33f6db20.jpg?p=xl\",\"caption\":\"Sch\u00f6ne 5.5-Zimmer-Wohnung im Zentrum von Giffers\"},{\"@type\":\"BreadcrumbList\",\"@id\":\"https:\/\/follow.immo\/immobilien\/378481de-schoene-55-zimmer-wohnung-im-zentrum-von-giffers\/#breadcrumb\",\"itemListElement\":[{\"@type\":\"ListItem\",\"position\":1,\"name\":\"Startseite\",\"item\":\"https:\/\/follow.immo\/fr\/\"},{\"@type\":\"ListItem\",\"position\":2,\"name\":\"Immobilien\",\"item\":\"https:\/\/follow.immo\/immobilien\/\"},{\"@type\":\"ListItem\",\"position\":3,\"name\":\"Sch\u00f6ne 5.5-Zimmer-Wohnung im Zentrum von Giffers\"}]},{\"@type\":\"WebSite\",\"@id\":\"https:\/\/follow.immo\/fr\/#website\",\"url\":\"https:\/\/follow.immo\/fr\/\",\"name\":\"Follow Immobilien\",\"description\":\"\",\"publisher\":{\"@id\":\"https:\/\/follow.immo\/fr\/#organization\"},\"potentialAction\":[{\"@type\":\"SearchAction\",\"target\":{\"@type\":\"EntryPoint\",\"urlTemplate\":\"https:\/\/follow.immo\/fr\/?s={search_term_string}\"},\"query-input\":{\"@type\":\"PropertyValueSpecification\",\"valueRequired\":true,\"valueName\":\"search_term_string\"}}],\"inLanguage\":\"fr-FR\"},{\"@type\":\"Organization\",\"@id\":\"https:\/\/follow.immo\/fr\/#organization\",\"name\":\"Follow Immobilien\",\"url\":\"https:\/\/follow.immo\/fr\/\",\"logo\":{\"@type\":\"ImageObject\",\"inLanguage\":\"fr-FR\",\"@id\":\"https:\/\/follow.immo\/fr\/#\/schema\/logo\/image\/\",\"url\":\"https:\/\/follow.immo\/wp-content\/uploads\/sites\/140\/2019\/02\/RZ_FOLLOW_LOGO_FINAL-1.svg\",\"contentUrl\":\"https:\/\/follow.immo\/wp-content\/uploads\/sites\/140\/2019\/02\/RZ_FOLLOW_LOGO_FINAL-1.svg\",\"width\":1,\"height\":1,\"caption\":\"Follow Immobilien\"},\"image\":{\"@id\":\"https:\/\/follow.immo\/fr\/#\/schema\/logo\/image\/\"},\"sameAs\":[\"https:\/\/www.facebook.com\/Follow.immo\/\",\"https:\/\/www.instagram.com\/follow_immobilien\",\"https:\/\/www.linkedin.com\/in\/follow-immobilien-gmbh-bb436418b\"]}]}<\/script>\n<!-- \/ Yoast SEO plugin. -->","yoast_head_json":{"title":"Sch\u00f6ne 5.5-Zimmer-Wohnung im Zentrum von Giffers - Follow Immobilien","robots":{"index":"index","follow":"follow","max-snippet":"max-snippet:-1","max-image-preview":"max-image-preview:large","max-video-preview":"max-video-preview:-1"},"canonical":"https:\/\/follow.immo\/immobilien\/378481de-schoene-55-zimmer-wohnung-im-zentrum-von-giffers\/","og_locale":"fr_FR","og_type":"article","og_title":"Sch\u00f6ne 5.5-Zimmer-Wohnung im Zentrum von Giffers - Follow Immobilien","og_description":"Sie suchen eine ger\u00e4umige Wohnung im Zentrum von Giffers? Dann m\u00fcssen Sie mich dringend besuchen. Ich wurde 1986 als Dachwohnung mit Galerie erbaut. Mit meinem Wohn- und Esszimmer mit Chemin\u00e9e, einer offenen K\u00fcche, meinen Schlafzimmern, meinen Badezimmern, meiner G\u00e4stetoilette und meiner Sauna biete ich Ihnen sehr viel Platz. Auf meinem Balkon k\u00f6nnen Sie den Alltag [&hellip;]","og_url":"https:\/\/follow.immo\/immobilien\/378481de-schoene-55-zimmer-wohnung-im-zentrum-von-giffers\/","og_site_name":"Follow Immobilien","article_publisher":"https:\/\/www.facebook.com\/Follow.immo\/","article_modified_time":"2026-05-01T14:27:10+00:00","twitter_card":"summary_large_image","twitter_misc":{"Dur\u00e9e de lecture estim\u00e9e":"1 minute"},"schema":{"@context":"https:\/\/schema.org","@graph":[{"@type":"WebPage","@id":"https:\/\/follow.immo\/immobilien\/378481de-schoene-55-zimmer-wohnung-im-zentrum-von-giffers\/","url":"https:\/\/follow.immo\/immobilien\/378481de-schoene-55-zimmer-wohnung-im-zentrum-von-giffers\/","name":"Sch\u00f6ne 5.5-Zimmer-Wohnung im Zentrum von Giffers - Follow Immobilien","isPartOf":{"@id":"https:\/\/follow.immo\/fr\/#website"},"primaryImageOfPage":{"@id":"https:\/\/follow.immo\/immobilien\/378481de-schoene-55-zimmer-wohnung-im-zentrum-von-giffers\/#primaryimage"},"image":{"@id":"https:\/\/follow.immo\/immobilien\/378481de-schoene-55-zimmer-wohnung-im-zentrum-von-giffers\/#primaryimage"},"thumbnailUrl":"https:\/\/cdn.casasoft.com\/media\/provider-8556\/property-378481\/f9f4c879df6c92065ab8ff3f33f6db20.jpg?p=xl","datePublished":"2019-04-09T14:03:39+00:00","dateModified":"2026-05-01T14:27:10+00:00","breadcrumb":{"@id":"https:\/\/follow.immo\/immobilien\/378481de-schoene-55-zimmer-wohnung-im-zentrum-von-giffers\/#breadcrumb"},"inLanguage":"fr-FR","potentialAction":[{"@type":"ReadAction","target":["https:\/\/follow.immo\/immobilien\/378481de-schoene-55-zimmer-wohnung-im-zentrum-von-giffers\/"]}]},{"@type":"ImageObject","inLanguage":"fr-FR","@id":"https:\/\/follow.immo\/immobilien\/378481de-schoene-55-zimmer-wohnung-im-zentrum-von-giffers\/#primaryimage","url":"https:\/\/cdn.casasoft.com\/media\/provider-8556\/property-378481\/f9f4c879df6c92065ab8ff3f33f6db20.jpg?p=xl","contentUrl":"https:\/\/cdn.casasoft.com\/media\/provider-8556\/property-378481\/f9f4c879df6c92065ab8ff3f33f6db20.jpg?p=xl","caption":"Sch\u00f6ne 5.5-Zimmer-Wohnung im Zentrum von Giffers"},{"@type":"BreadcrumbList","@id":"https:\/\/follow.immo\/immobilien\/378481de-schoene-55-zimmer-wohnung-im-zentrum-von-giffers\/#breadcrumb","itemListElement":[{"@type":"ListItem","position":1,"name":"Startseite","item":"https:\/\/follow.immo\/fr\/"},{"@type":"ListItem","position":2,"name":"Immobilien","item":"https:\/\/follow.immo\/immobilien\/"},{"@type":"ListItem","position":3,"name":"Sch\u00f6ne 5.5-Zimmer-Wohnung im Zentrum von Giffers"}]},{"@type":"WebSite","@id":"https:\/\/follow.immo\/fr\/#website","url":"https:\/\/follow.immo\/fr\/","name":"Follow Immobilien","description":"","publisher":{"@id":"https:\/\/follow.immo\/fr\/#organization"},"potentialAction":[{"@type":"SearchAction","target":{"@type":"EntryPoint","urlTemplate":"https:\/\/follow.immo\/fr\/?s={search_term_string}"},"query-input":{"@type":"PropertyValueSpecification","valueRequired":true,"valueName":"search_term_string"}}],"inLanguage":"fr-FR"},{"@type":"Organization","@id":"https:\/\/follow.immo\/fr\/#organization","name":"Follow Immobilien","url":"https:\/\/follow.immo\/fr\/","logo":{"@type":"ImageObject","inLanguage":"fr-FR","@id":"https:\/\/follow.immo\/fr\/#\/schema\/logo\/image\/","url":"https:\/\/follow.immo\/wp-content\/uploads\/sites\/140\/2019\/02\/RZ_FOLLOW_LOGO_FINAL-1.svg","contentUrl":"https:\/\/follow.immo\/wp-content\/uploads\/sites\/140\/2019\/02\/RZ_FOLLOW_LOGO_FINAL-1.svg","width":1,"height":1,"caption":"Follow Immobilien"},"image":{"@id":"https:\/\/follow.immo\/fr\/#\/schema\/logo\/image\/"},"sameAs":["https:\/\/www.facebook.com\/Follow.immo\/","https:\/\/www.instagram.com\/follow_immobilien","https:\/\/www.linkedin.com\/in\/follow-immobilien-gmbh-bb436418b"]}]}},"_links":{"self":[{"href":"https:\/\/follow.immo\/fr\/wp-json\/wp\/v2\/casawp_property\/1376470","targetHints":{"allow":["GET"]}}],"collection":[{"href":"https:\/\/follow.immo\/fr\/wp-json\/wp\/v2\/casawp_property"}],"about":[{"href":"https:\/\/follow.immo\/fr\/wp-json\/wp\/v2\/types\/casawp_property"}],"replies":[{"embeddable":true,"href":"https:\/\/follow.immo\/fr\/wp-json\/wp\/v2\/comments?post=1376470"}],"version-history":[{"count":0,"href":"https:\/\/follow.immo\/fr\/wp-json\/wp\/v2\/casawp_property\/1376470\/revisions"}],"wp:featuredmedia":[{"embeddable":true,"href":"https:\/\/follow.immo\/fr\/wp-json\/wp\/v2\/media\/1376471"}],"wp:attachment":[{"href":"https:\/\/follow.immo\/fr\/wp-json\/wp\/v2\/media?parent=1376470"}],"wp:term":[{"taxonomy":"casawp_category","embeddable":true,"href":"https:\/\/follow.immo\/fr\/wp-json\/wp\/v2\/casawp_category?post=1376470"},{"taxonomy":"casawp_feature","embeddable":true,"href":"https:\/\/follow.immo\/fr\/wp-json\/wp\/v2\/casawp_feature?post=1376470"},{"taxonomy":"casawp_utility","embeddable":true,"href":"https:\/\/follow.immo\/fr\/wp-json\/wp\/v2\/casawp_utility?post=1376470"},{"taxonomy":"casawp_location","embeddable":true,"href":"https:\/\/follow.immo\/fr\/wp-json\/wp\/v2\/casawp_location?post=1376470"},{"taxonomy":"casawp_salestype","embeddable":true,"href":"https:\/\/follow.immo\/fr\/wp-json\/wp\/v2\/casawp_salestype?post=1376470"},{"taxonomy":"casawp_availability","embeddable":true,"href":"https:\/\/follow.immo\/fr\/wp-json\/wp\/v2\/casawp_availability?post=1376470"},{"taxonomy":"casawp_region","embeddable":true,"href":"https:\/\/follow.immo\/fr\/wp-json\/wp\/v2\/casawp_region?post=1376470"}],"curies":[{"name":"wp","href":"https:\/\/api.w.org\/{rel}","templated":true}]}}